{"id":286,"date":"2023-04-24T17:01:01","date_gmt":"2023-04-24T20:01:01","guid":{"rendered":"https:\/\/ekosfera.org.br\/sandbox\/?page_id=286"},"modified":"2025-01-07T16:18:53","modified_gmt":"2025-01-07T19:18:53","slug":"neutralizacao-de-carbono","status":"publish","type":"page","link":"https:\/\/ekosfera.org.br\/en\/neutralizacao-de-carbono\/","title":{"rendered":"Carbon Neutralization"},"content":{"rendered":"\t\t<div data-elementor-type=\"wp-page\" data-elementor-id=\"286\" class=\"elementor elementor-286\" data-elementor-post-type=\"page\">\n\t\t\t\t\t\t<section class=\"elementor-section elementor-top-section elementor-element elementor-element-ee9d9d3 elementor-section-boxed elementor-section-height-default elementor-section-height-default\" data-id=\"ee9d9d3\" data-element_type=\"section\" data-e-type=\"section\" data-settings=\"{&quot;jet_parallax_layout_list&quot;:[],&quot;background_background&quot;:&quot;classic&quot;}\">\n\t\t\t\t\t\t<div class=\"elementor-container elementor-column-gap-default\">\n\t\t\t\t\t<div class=\"elementor-column elementor-col-100 elementor-top-column elementor-element elementor-element-a9d616f elementor-invisible\" data-id=\"a9d616f\" data-element_type=\"column\" data-e-type=\"column\" data-settings=\"{&quot;animation&quot;:&quot;fadeIn&quot;}\">\n\t\t\t<div class=\"elementor-widget-wrap elementor-element-populated\">\n\t\t\t\t\t\t<div class=\"elementor-element elementor-element-a4c1c21 elementor-widget elementor-widget-image\" data-id=\"a4c1c21\" data-element_type=\"widget\" data-e-type=\"widget\" data-widget_type=\"image.default\">\n\t\t\t\t<div class=\"elementor-widget-container\">\n\t\t\t\t\t\t\t\t\t\t\t\t\t\t\t<img fetchpriority=\"high\" decoding=\"async\" width=\"258\" height=\"204\" src=\"https:\/\/ekosfera.org.br\/wp-content\/uploads\/2023\/04\/carbono.png\" class=\"attachment-large size-large wp-image-323\" alt=\"\" \/>\t\t\t\t\t\t\t\t\t\t\t\t\t\t\t<\/div>\n\t\t\t\t<\/div>\n\t\t\t\t<div class=\"elementor-element elementor-element-2a3665f elementor-widget elementor-widget-heading\" data-id=\"2a3665f\" data-element_type=\"widget\" data-e-type=\"widget\" data-widget_type=\"heading.default\">\n\t\t\t\t<div class=\"elementor-widget-container\">\n\t\t\t\t\t<h1 class=\"elementor-heading-title elementor-size-default\">Neutraliza\u00e7\u00e3o de Carbono<\/h1>\t\t\t\t<\/div>\n\t\t\t\t<\/div>\n\t\t\t\t<div class=\"elementor-element elementor-element-95bce91 elementor-widget-divider--view-line elementor-widget elementor-widget-divider\" data-id=\"95bce91\" data-element_type=\"widget\" data-e-type=\"widget\" data-widget_type=\"divider.default\">\n\t\t\t\t<div class=\"elementor-widget-container\">\n\t\t\t\t\t\t\t<div class=\"elementor-divider\">\n\t\t\t<span class=\"elementor-divider-separator\">\n\t\t\t\t\t\t<\/span>\n\t\t<\/div>\n\t\t\t\t\t\t<\/div>\n\t\t\t\t<\/div>\n\t\t\t\t<div class=\"elementor-element elementor-element-70bd6c2 elementor-widget elementor-widget-heading\" data-id=\"70bd6c2\" data-element_type=\"widget\" data-e-type=\"widget\" data-widget_type=\"heading.default\">\n\t\t\t\t<div class=\"elementor-widget-container\">\n\t\t\t\t\t<div class=\"elementor-heading-title elementor-size-default\">da floresta at\u00e9 voc\u00ea<\/div>\t\t\t\t<\/div>\n\t\t\t\t<\/div>\n\t\t\t\t<div class=\"elementor-element elementor-element-71f9c22 elementor-widget elementor-widget-heading\" data-id=\"71f9c22\" data-element_type=\"widget\" data-e-type=\"widget\" data-widget_type=\"heading.default\">\n\t\t\t\t<div class=\"elementor-widget-container\">\n\t\t\t\t\t<div class=\"elementor-heading-title elementor-size-default\">a neutraliza\u00e7\u00e3o de  carbono em 7 passos<\/div>\t\t\t\t<\/div>\n\t\t\t\t<\/div>\n\t\t\t\t\t<\/div>\n\t\t<\/div>\n\t\t\t\t\t<\/div>\n\t\t<\/section>\n\t\t\t\t<section class=\"elementor-section elementor-top-section elementor-element elementor-element-d62e543 elementor-section-boxed elementor-section-height-default elementor-section-height-default\" data-id=\"d62e543\" data-element_type=\"section\" data-e-type=\"section\" data-settings=\"{&quot;jet_parallax_layout_list&quot;:[],&quot;background_background&quot;:&quot;classic&quot;}\">\n\t\t\t\t\t\t<div class=\"elementor-container elementor-column-gap-default\">\n\t\t\t\t\t<div class=\"elementor-column elementor-col-100 elementor-top-column elementor-element elementor-element-8d370f1\" data-id=\"8d370f1\" data-element_type=\"column\" data-e-type=\"column\">\n\t\t\t<div class=\"elementor-widget-wrap elementor-element-populated\">\n\t\t\t\t\t\t<div class=\"elementor-element elementor-element-40decc9 elementor-icon-list--layout-traditional elementor-list-item-link-full_width elementor-invisible elementor-widget elementor-widget-icon-list\" data-id=\"40decc9\" data-element_type=\"widget\" data-e-type=\"widget\" data-settings=\"{&quot;_animation&quot;:&quot;fadeInUp&quot;}\" data-widget_type=\"icon-list.default\">\n\t\t\t\t<div class=\"elementor-widget-container\">\n\t\t\t\t\t\t\t<ul class=\"elementor-icon-list-items\">\n\t\t\t\t\t\t\t<li class=\"elementor-icon-list-item\">\n\t\t\t\t\t\t\t\t\t\t\t<span class=\"elementor-icon-list-icon\">\n\t\t\t\t\t\t\t<i aria-hidden=\"true\" class=\"fas fa-circle\"><\/i>\t\t\t\t\t\t<\/span>\n\t\t\t\t\t\t\t\t\t\t<span class=\"elementor-icon-list-text\">Projetos de reflorestamento na Amaz\u00f4nia e na Mata Atl\u00e2ntica retiram CO<sub>2<\/sub> da atmosfera<\/span>\n\t\t\t\t\t\t\t\t\t<\/li>\n\t\t\t\t\t\t\t\t<li class=\"elementor-icon-list-item\">\n\t\t\t\t\t\t\t\t\t\t\t<span class=\"elementor-icon-list-icon\">\n\t\t\t\t\t\t\t<i aria-hidden=\"true\" class=\"fas fa-circle\"><\/i>\t\t\t\t\t\t<\/span>\n\t\t\t\t\t\t\t\t\t\t<span class=\"elementor-icon-list-text\">A cada 1 tonelada de CO<sub>2<\/sub> sequestrado, 1 cr\u00e9dito de carbono \u00e9 emitido e certificado pela Verra (certificadora de carbono)<\/span>\n\t\t\t\t\t\t\t\t\t<\/li>\n\t\t\t\t\t\t\t\t<li class=\"elementor-icon-list-item\">\n\t\t\t\t\t\t\t\t\t\t\t<span class=\"elementor-icon-list-icon\">\n\t\t\t\t\t\t\t<i aria-hidden=\"true\" class=\"fas fa-circle\"><\/i>\t\t\t\t\t\t<\/span>\n\t\t\t\t\t\t\t\t\t\t<span class=\"elementor-icon-list-text\">A EKOSFERA compra e aposenta o cr\u00e9dito de carbono para que seja utilizado uma  \u00fanica vez, por consumidores como VOC\u00ca<\/span>\n\t\t\t\t\t\t\t\t\t<\/li>\n\t\t\t\t\t\t\t\t<li class=\"elementor-icon-list-item\">\n\t\t\t\t\t\t\t\t\t\t\t<span class=\"elementor-icon-list-icon\">\n\t\t\t\t\t\t\t<i aria-hidden=\"true\" class=\"fas fa-circle\"><\/i>\t\t\t\t\t\t<\/span>\n\t\t\t\t\t\t\t\t\t\t<span class=\"elementor-icon-list-text\">O cr\u00e9dito comprado pela EKOSFERA \u00e9 fracionado em um n\u00famero limitado de certificados individuais<\/span>\n\t\t\t\t\t\t\t\t\t<\/li>\n\t\t\t\t\t\t\t\t<li class=\"elementor-icon-list-item\">\n\t\t\t\t\t\t\t\t\t\t\t<span class=\"elementor-icon-list-icon\">\n\t\t\t\t\t\t\t<i aria-hidden=\"true\" class=\"fas fa-circle\"><\/i>\t\t\t\t\t\t<\/span>\n\t\t\t\t\t\t\t\t\t\t<span class=\"elementor-icon-list-text\">Os certificados s\u00e3o ent\u00e3o tokenizados, tornando-se ativos digitais verific\u00e1veis e rastre\u00e1veis via  tecnologia blockchain<\/span>\n\t\t\t\t\t\t\t\t\t<\/li>\n\t\t\t\t\t\t\t\t<li class=\"elementor-icon-list-item\">\n\t\t\t\t\t\t\t\t\t\t\t<span class=\"elementor-icon-list-icon\">\n\t\t\t\t\t\t\t<i aria-hidden=\"true\" class=\"fas fa-circle\"><\/i>\t\t\t\t\t\t<\/span>\n\t\t\t\t\t\t\t\t\t\t<span class=\"elementor-icon-list-text\">Ao adquirir um produto ou servi\u00e7o EKOSFERA, voc\u00ea recebe um desses certificados, como benef\u00edcio  ambiental pelo seu consumo consciente<\/span>\n\t\t\t\t\t\t\t\t\t<\/li>\n\t\t\t\t\t\t\t\t<li class=\"elementor-icon-list-item\">\n\t\t\t\t\t\t\t\t\t\t\t<span class=\"elementor-icon-list-icon\">\n\t\t\t\t\t\t\t<i aria-hidden=\"true\" class=\"fas fa-circle\"><\/i>\t\t\t\t\t\t<\/span>\n\t\t\t\t\t\t\t\t\t\t<span class=\"elementor-icon-list-text\">Os cr\u00e9ditos de carbono recebidos neutralizam parte da sua pegada de carbono em virtude do CO<sub>2<\/sub> retirado da atmosfera pelas florestas brasileiras, conforme descrito no passo 1<\/span>\n\t\t\t\t\t\t\t\t\t<\/li>\n\t\t\t\t\t\t<\/ul>\n\t\t\t\t\t\t<\/div>\n\t\t\t\t<\/div>\n\t\t\t\t<div class=\"elementor-element elementor-element-1503138 elementor-invisible elementor-widget elementor-widget-image\" data-id=\"1503138\" data-element_type=\"widget\" data-e-type=\"widget\" data-settings=\"{&quot;_animation&quot;:&quot;fadeInUp&quot;}\" data-widget_type=\"image.default\">\n\t\t\t\t<div class=\"elementor-widget-container\">\n\t\t\t\t\t\t\t\t\t\t\t\t\t\t\t<img decoding=\"async\" width=\"166\" height=\"123\" src=\"https:\/\/ekosfera.org.br\/wp-content\/uploads\/2023\/04\/ekosfera-icone.svg\" class=\"attachment-large size-large wp-image-259\" alt=\"\" \/>\t\t\t\t\t\t\t\t\t\t\t\t\t\t\t<\/div>\n\t\t\t\t<\/div>\n\t\t\t\t\t<\/div>\n\t\t<\/div>\n\t\t\t\t\t<\/div>\n\t\t<\/section>\n\t\t\t\t<section class=\"elementor-section elementor-top-section elementor-element elementor-element-5f6fee6 elementor-section-boxed elementor-section-height-default elementor-section-height-default\" data-id=\"5f6fee6\" data-element_type=\"section\" data-e-type=\"section\" data-settings=\"{&quot;jet_parallax_layout_list&quot;:[]}\">\n\t\t\t\t\t\t<div class=\"elementor-container elementor-column-gap-default\">\n\t\t\t\t\t<div class=\"elementor-column elementor-col-100 elementor-top-column elementor-element elementor-element-c8e80ad elementor-invisible\" data-id=\"c8e80ad\" data-element_type=\"column\" data-e-type=\"column\" data-settings=\"{&quot;animation&quot;:&quot;fadeIn&quot;}\">\n\t\t\t<div class=\"elementor-widget-wrap elementor-element-populated\">\n\t\t\t\t\t\t<div class=\"elementor-element elementor-element-5ca113a elementor-widget elementor-widget-heading\" data-id=\"5ca113a\" data-element_type=\"widget\" data-e-type=\"widget\" data-widget_type=\"heading.default\">\n\t\t\t\t<div class=\"elementor-widget-container\">\n\t\t\t\t\t<h2 class=\"elementor-heading-title elementor-size-default\">Exemplos de neutraliza\u00e7\u00e3o que voc\u00ea ganha <br>\n em uma experi\u00eancia EKOSFERA:<\/h2>\t\t\t\t<\/div>\n\t\t\t\t<\/div>\n\t\t\t\t<div class=\"elementor-element elementor-element-aaf5dee elementor-widget elementor-widget-heading\" data-id=\"aaf5dee\" data-element_type=\"widget\" data-e-type=\"widget\" data-widget_type=\"heading.default\">\n\t\t\t\t<div class=\"elementor-widget-container\">\n\t\t\t\t\t<h2 class=\"elementor-heading-title elementor-size-default\">1 dia <\/h2>\t\t\t\t<\/div>\n\t\t\t\t<\/div>\n\t\t\t\t<div class=\"elementor-element elementor-element-b343aeb elementor-widget elementor-widget-heading\" data-id=\"b343aeb\" data-element_type=\"widget\" data-e-type=\"widget\" data-widget_type=\"heading.default\">\n\t\t\t\t<div class=\"elementor-widget-container\">\n\t\t\t\t\t<h2 class=\"elementor-heading-title elementor-size-default\">com a DE MENDES<\/h2>\t\t\t\t<\/div>\n\t\t\t\t<\/div>\n\t\t\t\t<div class=\"elementor-element elementor-element-b01ef23 elementor-widget elementor-widget-heading\" data-id=\"b01ef23\" data-element_type=\"widget\" data-e-type=\"widget\" data-widget_type=\"heading.default\">\n\t\t\t\t<div class=\"elementor-widget-container\">\n\t\t\t\t\t<h2 class=\"elementor-heading-title elementor-size-default\">Na aquisi\u00e7\u00e3o de um produto da Chocolates De Mendes, voc\u00ea compensa 1 dia de emiss\u00f5es individuais de GEE na atmosfera. <\/h2>\t\t\t\t<\/div>\n\t\t\t\t<\/div>\n\t\t\t\t\t<\/div>\n\t\t<\/div>\n\t\t\t\t\t<\/div>\n\t\t<\/section>\n\t\t\t\t<section class=\"elementor-section elementor-top-section elementor-element elementor-element-8e26c46 elementor-section-boxed elementor-section-height-default elementor-section-height-default elementor-invisible\" data-id=\"8e26c46\" data-element_type=\"section\" data-e-type=\"section\" data-settings=\"{&quot;jet_parallax_layout_list&quot;:[],&quot;background_background&quot;:&quot;classic&quot;,&quot;animation&quot;:&quot;fadeInUp&quot;}\">\n\t\t\t\t\t\t<div class=\"elementor-container elementor-column-gap-default\">\n\t\t\t\t\t<div class=\"elementor-column elementor-col-100 elementor-top-column elementor-element elementor-element-22df2ee\" data-id=\"22df2ee\" data-element_type=\"column\" data-e-type=\"column\">\n\t\t\t<div class=\"elementor-widget-wrap elementor-element-populated\">\n\t\t\t\t\t\t<div class=\"elementor-element elementor-element-e2101e2 elementor-widget elementor-widget-image\" data-id=\"e2101e2\" data-element_type=\"widget\" data-e-type=\"widget\" data-widget_type=\"image.default\">\n\t\t\t\t<div class=\"elementor-widget-container\">\n\t\t\t\t\t\t\t\t\t\t\t\t\t\t\t<img decoding=\"async\" width=\"258\" height=\"204\" src=\"https:\/\/ekosfera.org.br\/wp-content\/uploads\/2023\/04\/Camada-101.png\" class=\"attachment-large size-large wp-image-325\" alt=\"\" \/>\t\t\t\t\t\t\t\t\t\t\t\t\t\t\t<\/div>\n\t\t\t\t<\/div>\n\t\t\t\t<div class=\"elementor-element elementor-element-3e0c304 elementor-widget elementor-widget-heading\" data-id=\"3e0c304\" data-element_type=\"widget\" data-e-type=\"widget\" data-widget_type=\"heading.default\">\n\t\t\t\t<div class=\"elementor-widget-container\">\n\t\t\t\t\t<h2 class=\"elementor-heading-title elementor-size-default\">Quero aprender mais sobre a neutraliza\u00e7\u00e3o de carbono<\/h2>\t\t\t\t<\/div>\n\t\t\t\t<\/div>\n\t\t\t\t\t<\/div>\n\t\t<\/div>\n\t\t\t\t\t<\/div>\n\t\t<\/section>\n\t\t\t\t<section class=\"elementor-section elementor-top-section elementor-element elementor-element-14f85ab elementor-section-boxed elementor-section-height-default elementor-section-height-default elementor-invisible\" data-id=\"14f85ab\" data-element_type=\"section\" data-e-type=\"section\" data-settings=\"{&quot;jet_parallax_layout_list&quot;:[],&quot;background_background&quot;:&quot;classic&quot;,&quot;animation&quot;:&quot;fadeInUp&quot;}\">\n\t\t\t\t\t\t<div class=\"elementor-container elementor-column-gap-default\">\n\t\t\t\t\t<div class=\"elementor-column elementor-col-100 elementor-top-column elementor-element elementor-element-7e2dd76\" data-id=\"7e2dd76\" data-element_type=\"column\" data-e-type=\"column\">\n\t\t\t<div class=\"elementor-widget-wrap elementor-element-populated\">\n\t\t\t\t\t\t<div class=\"elementor-element elementor-element-52ee135 elementor-widget elementor-widget-text-editor\" data-id=\"52ee135\" data-element_type=\"widget\" data-e-type=\"widget\" data-widget_type=\"text-editor.default\">\n\t\t\t\t<div class=\"elementor-widget-container\">\n\t\t\t\t\t\t\t\t\t<p>Compreender o conceito de neutraliza\u00e7\u00e3o de carbono pode ser um pouco complicado mesmo. Termos como <strong>invent\u00e1rio de emiss\u00f5es,<\/strong> <strong>cr\u00e9ditos tokenizados<\/strong> e <strong>blockchain<\/strong> assustam num primeiro momento, mas s\u00e3o importantes para entender o tamanho da sua <strong>pegada de carbono<\/strong> no planeta, como ela se relaciona com o aquecimento global e de que forma a EKOSFERA te ajuda a se tornar um <strong>agente de transforma\u00e7\u00e3o<\/strong>. Vem com a gente!<\/p>\t\t\t\t\t\t\t\t<\/div>\n\t\t\t\t<\/div>\n\t\t\t\t<div class=\"elementor-element elementor-element-7d67502 elementor-widget elementor-widget-text-editor\" data-id=\"7d67502\" data-element_type=\"widget\" data-e-type=\"widget\" data-widget_type=\"text-editor.default\">\n\t\t\t\t<div class=\"elementor-widget-container\">\n\t\t\t\t\t\t\t\t\t<p>Nesta se\u00e7\u00e3o, voc\u00ea encontra:<\/p><ul><li><a href=\"#emergencia-climatica\">O que voc\u00ea precisa saber sobre a emerg\u00eancia clim\u00e1tica<\/a><\/li><li><a href=\"#efeito-estufa\">Gases de efeito estufa e o ciclo do carbono<\/a><\/li><li><a href=\"#transformacao-sociambiental\">Voc\u00ea como agente da transforma\u00e7\u00e3o socioambiental<\/a><\/li><li><a href=\"#creditos-carbono\">O que s\u00e3o cr\u00e9ditos de carbono<\/a><\/li><li><a href=\"#neutralizacao-ekosfera\">Como funciona a neutraliza\u00e7\u00e3o de carbono na EKOSFERA<\/a><\/li><\/ul>\t\t\t\t\t\t\t\t<\/div>\n\t\t\t\t<\/div>\n\t\t\t\t\t<\/div>\n\t\t<\/div>\n\t\t\t\t\t<\/div>\n\t\t<\/section>\n\t\t\t\t<section class=\"elementor-section elementor-top-section elementor-element elementor-element-96d8113 elementor-section-boxed elementor-section-height-default elementor-section-height-default elementor-invisible\" data-id=\"96d8113\" data-element_type=\"section\" data-e-type=\"section\" id=\"emergencia-climatica\" data-settings=\"{&quot;jet_parallax_layout_list&quot;:[],&quot;background_background&quot;:&quot;classic&quot;,&quot;background_motion_fx_motion_fx_scrolling&quot;:&quot;yes&quot;,&quot;background_motion_fx_scale_effect&quot;:&quot;yes&quot;,&quot;animation&quot;:&quot;fadeInUp&quot;,&quot;background_motion_fx_scale_direction&quot;:&quot;out-in&quot;,&quot;background_motion_fx_scale_speed&quot;:{&quot;unit&quot;:&quot;px&quot;,&quot;size&quot;:4,&quot;sizes&quot;:[]},&quot;background_motion_fx_scale_range&quot;:{&quot;unit&quot;:&quot;%&quot;,&quot;size&quot;:&quot;&quot;,&quot;sizes&quot;:{&quot;start&quot;:20,&quot;end&quot;:80}},&quot;background_motion_fx_devices&quot;:[&quot;desktop&quot;,&quot;tablet&quot;,&quot;mobile&quot;]}\">\n\t\t\t\t\t\t\t<div class=\"elementor-background-overlay\"><\/div>\n\t\t\t\t\t\t\t<div class=\"elementor-container elementor-column-gap-default\">\n\t\t\t\t\t<div class=\"elementor-column elementor-col-100 elementor-top-column elementor-element elementor-element-301ed1d\" data-id=\"301ed1d\" data-element_type=\"column\" data-e-type=\"column\">\n\t\t\t<div class=\"elementor-widget-wrap elementor-element-populated\">\n\t\t\t\t\t\t<div class=\"elementor-element elementor-element-f7da096 elementor-widget-divider--view-line elementor-widget elementor-widget-divider\" data-id=\"f7da096\" data-element_type=\"widget\" data-e-type=\"widget\" data-widget_type=\"divider.default\">\n\t\t\t\t<div class=\"elementor-widget-container\">\n\t\t\t\t\t\t\t<div class=\"elementor-divider\">\n\t\t\t<span class=\"elementor-divider-separator\">\n\t\t\t\t\t\t<\/span>\n\t\t<\/div>\n\t\t\t\t\t\t<\/div>\n\t\t\t\t<\/div>\n\t\t\t\t<div class=\"elementor-element elementor-element-b9eb84d elementor-widget elementor-widget-heading\" data-id=\"b9eb84d\" data-element_type=\"widget\" data-e-type=\"widget\" data-widget_type=\"heading.default\">\n\t\t\t\t<div class=\"elementor-widget-container\">\n\t\t\t\t\t<h2 class=\"elementor-heading-title elementor-size-default\">O QUE VOC\u00ca PRECISA SABER SOBRE <br> \nA EMERG\u00caNCIA CLIM\u00c1TICA<\/h2>\t\t\t\t<\/div>\n\t\t\t\t<\/div>\n\t\t\t\t\t<\/div>\n\t\t<\/div>\n\t\t\t\t\t<\/div>\n\t\t<\/section>\n\t\t\t\t<section class=\"elementor-section elementor-top-section elementor-element elementor-element-5ad1766 elementor-section-height-min-height elementor-section-boxed elementor-section-height-default elementor-section-items-middle elementor-invisible\" data-id=\"5ad1766\" data-element_type=\"section\" data-e-type=\"section\" data-settings=\"{&quot;jet_parallax_layout_list&quot;:[],&quot;background_background&quot;:&quot;classic&quot;,&quot;animation&quot;:&quot;fadeInDown&quot;}\">\n\t\t\t\t\t\t<div class=\"elementor-container elementor-column-gap-default\">\n\t\t\t\t\t<div class=\"elementor-column elementor-col-33 elementor-top-column elementor-element elementor-element-22e136a\" data-id=\"22e136a\" data-element_type=\"column\" data-e-type=\"column\">\n\t\t\t<div class=\"elementor-widget-wrap\">\n\t\t\t\t\t\t\t<\/div>\n\t\t<\/div>\n\t\t\t\t<div class=\"elementor-column elementor-col-33 elementor-top-column elementor-element elementor-element-091c1a6\" data-id=\"091c1a6\" data-element_type=\"column\" data-e-type=\"column\" data-settings=\"{&quot;background_background&quot;:&quot;classic&quot;}\">\n\t\t\t<div class=\"elementor-widget-wrap elementor-element-populated\">\n\t\t\t\t\t\t<div class=\"elementor-element elementor-element-dba1c7e elementor-widget elementor-widget-text-editor\" data-id=\"dba1c7e\" data-element_type=\"widget\" data-e-type=\"widget\" data-widget_type=\"text-editor.default\">\n\t\t\t\t<div class=\"elementor-widget-container\">\n\t\t\t\t\t\t\t\t\tO <strong>consenso cient\u00edfico<\/strong> \u00e9 claro: o planeta est\u00e1 aquecendo a um ritmo sem precedentes. As evid\u00eancias coletadas pelos principais <strong>especialistas do clima<\/strong> ao longo das \u00faltimas d\u00e9cadas j\u00e1 comprovaram que esse aquecimento ultrapassa as varia\u00e7\u00f5es naturais na <strong>m\u00e9dia da temperatura<\/strong> que a Terra tem registrado h\u00e1 mil\u00eanios.\t\t\t\t\t\t\t\t<\/div>\n\t\t\t\t<\/div>\n\t\t\t\t\t<\/div>\n\t\t<\/div>\n\t\t\t\t<div class=\"elementor-column elementor-col-33 elementor-top-column elementor-element elementor-element-2bd45d0\" data-id=\"2bd45d0\" data-element_type=\"column\" data-e-type=\"column\">\n\t\t\t<div class=\"elementor-widget-wrap\">\n\t\t\t\t\t\t\t<\/div>\n\t\t<\/div>\n\t\t\t\t\t<\/div>\n\t\t<\/section>\n\t\t\t\t<section class=\"elementor-section elementor-top-section elementor-element elementor-element-4a7eb8d elementor-section-height-min-height elementor-section-boxed elementor-section-height-default elementor-section-items-middle elementor-invisible\" data-id=\"4a7eb8d\" data-element_type=\"section\" data-e-type=\"section\" data-settings=\"{&quot;jet_parallax_layout_list&quot;:[],&quot;background_background&quot;:&quot;classic&quot;,&quot;animation&quot;:&quot;fadeInDown&quot;}\">\n\t\t\t\t\t\t<div class=\"elementor-container elementor-column-gap-default\">\n\t\t\t\t\t<div class=\"elementor-column elementor-col-33 elementor-top-column elementor-element elementor-element-879805c\" data-id=\"879805c\" data-element_type=\"column\" data-e-type=\"column\">\n\t\t\t<div class=\"elementor-widget-wrap\">\n\t\t\t\t\t\t\t<\/div>\n\t\t<\/div>\n\t\t\t\t<div class=\"elementor-column elementor-col-33 elementor-top-column elementor-element elementor-element-03db3e7\" data-id=\"03db3e7\" data-element_type=\"column\" data-e-type=\"column\" data-settings=\"{&quot;background_background&quot;:&quot;classic&quot;}\">\n\t\t\t<div class=\"elementor-widget-wrap elementor-element-populated\">\n\t\t\t\t\t\t<div class=\"elementor-element elementor-element-6390be5 elementor-widget elementor-widget-text-editor\" data-id=\"6390be5\" data-element_type=\"widget\" data-e-type=\"widget\" data-widget_type=\"text-editor.default\">\n\t\t\t\t<div class=\"elementor-widget-container\">\n\t\t\t\t\t\t\t\t\t<p>Tamb\u00e9m n\u00e3o h\u00e1 mais d\u00favidas sobre a causa dessa desequil\u00edbrio, ou seja, \u00e9 ponto pac\u00edfico que as <strong>atividades humanas<\/strong> est\u00e3o na origem da crise. Desde o in\u00edcio da era Industrial (1750), o planeta <strong>aqueceu cerca de 1,1\u00b0C<\/strong> devido \u00e0 concentra\u00e7\u00e3o de gases de efeito estufa (GEE) na atmosfera, liberados pela <strong>queima de combust\u00edveis f\u00f3sseis<\/strong>.<\/p>\t\t\t\t\t\t\t\t<\/div>\n\t\t\t\t<\/div>\n\t\t\t\t\t<\/div>\n\t\t<\/div>\n\t\t\t\t<div class=\"elementor-column elementor-col-33 elementor-top-column elementor-element elementor-element-bfe669e\" data-id=\"bfe669e\" data-element_type=\"column\" data-e-type=\"column\">\n\t\t\t<div class=\"elementor-widget-wrap\">\n\t\t\t\t\t\t\t<\/div>\n\t\t<\/div>\n\t\t\t\t\t<\/div>\n\t\t<\/section>\n\t\t\t\t<section class=\"elementor-section elementor-top-section elementor-element elementor-element-4509ace elementor-section-boxed elementor-section-height-default elementor-section-height-default elementor-invisible\" data-id=\"4509ace\" data-element_type=\"section\" data-e-type=\"section\" data-settings=\"{&quot;jet_parallax_layout_list&quot;:[],&quot;animation&quot;:&quot;fadeIn&quot;}\">\n\t\t\t\t\t\t<div class=\"elementor-container elementor-column-gap-default\">\n\t\t\t\t\t<div class=\"elementor-column elementor-col-100 elementor-top-column elementor-element elementor-element-6408e93\" data-id=\"6408e93\" data-element_type=\"column\" data-e-type=\"column\">\n\t\t\t<div class=\"elementor-widget-wrap elementor-element-populated\">\n\t\t\t\t\t\t<div class=\"elementor-element elementor-element-debf19e elementor-widget-divider--view-line elementor-widget elementor-widget-divider\" data-id=\"debf19e\" data-element_type=\"widget\" data-e-type=\"widget\" data-widget_type=\"divider.default\">\n\t\t\t\t<div class=\"elementor-widget-container\">\n\t\t\t\t\t\t\t<div class=\"elementor-divider\">\n\t\t\t<span class=\"elementor-divider-separator\">\n\t\t\t\t\t\t<\/span>\n\t\t<\/div>\n\t\t\t\t\t\t<\/div>\n\t\t\t\t<\/div>\n\t\t\t\t<div class=\"elementor-element elementor-element-5dd4377 elementor-widget elementor-widget-text-editor\" data-id=\"5dd4377\" data-element_type=\"widget\" data-e-type=\"widget\" data-widget_type=\"text-editor.default\">\n\t\t\t\t<div class=\"elementor-widget-container\">\n\t\t\t\t\t\t\t\t\t<p>Com o <strong>Acordo de Paris<\/strong>, os pa\u00edses decidiram promover esfor\u00e7os para limitar esse aumento de temperatura a 1,5\u00b0C, o que exigir\u00e1 <strong>mudan\u00e7as profundas<\/strong> em muitos aspectos da vida humana. Diante disso, e por causa da nossa demora em agir para impedir os cen\u00e1rios mais preocupantes, a express\u00e3o \u201cmudan\u00e7a clim\u00e1tica\u201d j\u00e1 n\u00e3o d\u00e1 conta da dimens\u00e3o e urg\u00eancia do problema. Entramos na fase da <strong>emerg\u00eancia clim\u00e1tica<\/strong>.<\/p>\t\t\t\t\t\t\t\t<\/div>\n\t\t\t\t<\/div>\n\t\t\t\t\t<\/div>\n\t\t<\/div>\n\t\t\t\t\t<\/div>\n\t\t<\/section>\n\t\t\t\t<section class=\"elementor-section elementor-top-section elementor-element elementor-element-4a8b675 elementor-section-boxed elementor-section-height-default elementor-section-height-default elementor-invisible\" data-id=\"4a8b675\" data-element_type=\"section\" data-e-type=\"section\" id=\"efeito-estufa\" data-settings=\"{&quot;jet_parallax_layout_list&quot;:[],&quot;background_background&quot;:&quot;classic&quot;,&quot;background_motion_fx_motion_fx_scrolling&quot;:&quot;yes&quot;,&quot;background_motion_fx_scale_effect&quot;:&quot;yes&quot;,&quot;animation&quot;:&quot;fadeInDown&quot;,&quot;background_motion_fx_scale_direction&quot;:&quot;out-in&quot;,&quot;background_motion_fx_scale_speed&quot;:{&quot;unit&quot;:&quot;px&quot;,&quot;size&quot;:4,&quot;sizes&quot;:[]},&quot;background_motion_fx_scale_range&quot;:{&quot;unit&quot;:&quot;%&quot;,&quot;size&quot;:&quot;&quot;,&quot;sizes&quot;:{&quot;start&quot;:20,&quot;end&quot;:80}},&quot;background_motion_fx_devices&quot;:[&quot;desktop&quot;,&quot;tablet&quot;,&quot;mobile&quot;]}\">\n\t\t\t\t\t\t<div class=\"elementor-container elementor-column-gap-default\">\n\t\t\t\t\t<div class=\"elementor-column elementor-col-100 elementor-top-column elementor-element elementor-element-1045b9d\" data-id=\"1045b9d\" data-element_type=\"column\" data-e-type=\"column\">\n\t\t\t<div class=\"elementor-widget-wrap elementor-element-populated\">\n\t\t\t\t\t\t<div class=\"elementor-element elementor-element-88505da elementor-widget-divider--view-line elementor-widget elementor-widget-divider\" data-id=\"88505da\" data-element_type=\"widget\" data-e-type=\"widget\" data-widget_type=\"divider.default\">\n\t\t\t\t<div class=\"elementor-widget-container\">\n\t\t\t\t\t\t\t<div class=\"elementor-divider\">\n\t\t\t<span class=\"elementor-divider-separator\">\n\t\t\t\t\t\t<\/span>\n\t\t<\/div>\n\t\t\t\t\t\t<\/div>\n\t\t\t\t<\/div>\n\t\t\t\t<div class=\"elementor-element elementor-element-9320e35 elementor-widget elementor-widget-heading\" data-id=\"9320e35\" data-element_type=\"widget\" data-e-type=\"widget\" data-widget_type=\"heading.default\">\n\t\t\t\t<div class=\"elementor-widget-container\">\n\t\t\t\t\t<h2 class=\"elementor-heading-title elementor-size-default\">E O CARBONO NESSA HIST\u00d3RIA TODA?<\/h2>\t\t\t\t<\/div>\n\t\t\t\t<\/div>\n\t\t\t\t\t<\/div>\n\t\t<\/div>\n\t\t\t\t\t<\/div>\n\t\t<\/section>\n\t\t\t\t<section class=\"elementor-section elementor-top-section elementor-element elementor-element-c31e2b5 elementor-section-boxed elementor-section-height-default elementor-section-height-default elementor-invisible\" data-id=\"c31e2b5\" data-element_type=\"section\" data-e-type=\"section\" data-settings=\"{&quot;jet_parallax_layout_list&quot;:[],&quot;animation&quot;:&quot;fadeIn&quot;}\">\n\t\t\t\t\t\t<div class=\"elementor-container elementor-column-gap-default\">\n\t\t\t\t\t<div class=\"elementor-column elementor-col-100 elementor-top-column elementor-element elementor-element-ccc32d9\" data-id=\"ccc32d9\" data-element_type=\"column\" data-e-type=\"column\">\n\t\t\t<div class=\"elementor-widget-wrap elementor-element-populated\">\n\t\t\t\t\t\t<div class=\"elementor-element elementor-element-6449fad elementor-widget-divider--view-line elementor-widget elementor-widget-divider\" data-id=\"6449fad\" data-element_type=\"widget\" data-e-type=\"widget\" data-widget_type=\"divider.default\">\n\t\t\t\t<div class=\"elementor-widget-container\">\n\t\t\t\t\t\t\t<div class=\"elementor-divider\">\n\t\t\t<span class=\"elementor-divider-separator\">\n\t\t\t\t\t\t<\/span>\n\t\t<\/div>\n\t\t\t\t\t\t<\/div>\n\t\t\t\t<\/div>\n\t\t\t\t<div class=\"elementor-element elementor-element-b0fb443 elementor-widget elementor-widget-text-editor\" data-id=\"b0fb443\" data-element_type=\"widget\" data-e-type=\"widget\" data-widget_type=\"text-editor.default\">\n\t\t\t\t<div class=\"elementor-widget-container\">\n\t\t\t\t\t\t\t\t\tQuando mencionamos carbono, estamos falando do di\u00f3xido de carbono <strong>(CO<sub>2<\/sub>)<\/strong> ou, de forma equivalente e simplificada, de outros GEE, como o metano <strong>(CH<sub>4<\/sub>)<\/strong>, o \u00f3xido nitroso <strong>(N<sub>2<\/sub>O)<\/strong> e os gases fluorados. Embora tenha um potencial de efeito estufa menor do que os demais, o <strong>CO<sub>2<\/sub><\/strong> \u00e9 o GEE mais relevante por ser o atual campe\u00e3o de emiss\u00f5es provocadas pelos seres humanos.\t\t\t\t\t\t\t\t<\/div>\n\t\t\t\t<\/div>\n\t\t\t\t\t<\/div>\n\t\t<\/div>\n\t\t\t\t\t<\/div>\n\t\t<\/section>\n\t\t\t\t<section class=\"elementor-section elementor-top-section elementor-element elementor-element-3687be3 elementor-section-boxed elementor-section-height-default elementor-section-height-default\" data-id=\"3687be3\" data-element_type=\"section\" data-e-type=\"section\" data-settings=\"{&quot;jet_parallax_layout_list&quot;:[],&quot;background_background&quot;:&quot;classic&quot;}\">\n\t\t\t\t\t\t\t<div class=\"elementor-background-overlay\"><\/div>\n\t\t\t\t\t\t\t<div class=\"elementor-container elementor-column-gap-default\">\n\t\t\t\t\t<div class=\"elementor-column elementor-col-100 elementor-top-column elementor-element elementor-element-717d39e\" data-id=\"717d39e\" data-element_type=\"column\" data-e-type=\"column\">\n\t\t\t<div class=\"elementor-widget-wrap elementor-element-populated\">\n\t\t\t\t\t\t<section class=\"elementor-section elementor-inner-section elementor-element elementor-element-f97fd4b elementor-section-boxed elementor-section-height-default elementor-section-height-default elementor-invisible\" data-id=\"f97fd4b\" data-element_type=\"section\" data-e-type=\"section\" data-settings=\"{&quot;jet_parallax_layout_list&quot;:[],&quot;animation&quot;:&quot;fadeIn&quot;}\">\n\t\t\t\t\t\t<div class=\"elementor-container elementor-column-gap-wider\">\n\t\t\t\t\t<div class=\"elementor-column elementor-col-50 elementor-inner-column elementor-element elementor-element-41328d0\" data-id=\"41328d0\" data-element_type=\"column\" data-e-type=\"column\">\n\t\t\t<div class=\"elementor-widget-wrap elementor-element-populated\">\n\t\t\t\t\t\t<div class=\"elementor-element elementor-element-ed46d84 elementor-widget elementor-widget-text-editor\" data-id=\"ed46d84\" data-element_type=\"widget\" data-e-type=\"widget\" data-widget_type=\"text-editor.default\">\n\t\t\t\t<div class=\"elementor-widget-container\">\n\t\t\t\t\t\t\t\t\tPara compreender a relev\u00e2ncia do CO<sub>2<\/sub> na emerg\u00eancia clim\u00e1tica, primeiro precisamos entender o <strong>ciclo do carbono,<\/strong> ou seja, como ele \u201csurge\u201d e \u201cdesaparece\u201d da atmosfera. Embora esse g\u00e1s seja produzido naturalmente pela nossa respira\u00e7\u00e3o e pela decomposi\u00e7\u00e3o de plantas e animais, suas <strong>maiores fontes<\/strong> s\u00e3o a queima de combust\u00edveis f\u00f3sseis e os desmatamentos.\t\t\t\t\t\t\t\t<\/div>\n\t\t\t\t<\/div>\n\t\t\t\t\t<\/div>\n\t\t<\/div>\n\t\t\t\t<div class=\"elementor-column elementor-col-50 elementor-inner-column elementor-element elementor-element-4453be4\" data-id=\"4453be4\" data-element_type=\"column\" data-e-type=\"column\">\n\t\t\t<div class=\"elementor-widget-wrap elementor-element-populated\">\n\t\t\t\t\t\t<div class=\"elementor-element elementor-element-dd5771d elementor-widget elementor-widget-text-editor\" data-id=\"dd5771d\" data-element_type=\"widget\" data-e-type=\"widget\" data-widget_type=\"text-editor.default\">\n\t\t\t\t<div class=\"elementor-widget-container\">\n\t\t\t\t\t\t\t\t\tPor outro lado, os <strong>principais sumidouros<\/strong> de CO<sub>2<\/sub>, ou seja, os nossos aliados na tarefa de retirar boa parte desse GEE da atmosfera, s\u00e3o os <strong>oceanos<\/strong> (reconhecidos hoje como os verdadeiros \u201cpulm\u00f5es da Terra\u201d) e as<strong> florestas<\/strong> (plantas e solos). Ainda que tamb\u00e9m sejam fontes de CO<sub>2<\/sub>, os oceanos e as florestas absorvem muito mais carbono do que emitem.\t\t\t\t\t\t\t\t<\/div>\n\t\t\t\t<\/div>\n\t\t\t\t\t<\/div>\n\t\t<\/div>\n\t\t\t\t\t<\/div>\n\t\t<\/section>\n\t\t\t\t<div class=\"elementor-element elementor-element-5b12ac2 elementor-invisible elementor-widget elementor-widget-text-editor\" data-id=\"5b12ac2\" data-element_type=\"widget\" data-e-type=\"widget\" data-settings=\"{&quot;_animation&quot;:&quot;fadeInUp&quot;}\" data-widget_type=\"text-editor.default\">\n\t\t\t\t<div class=\"elementor-widget-container\">\n\t\t\t\t\t\t\t\t\t<p>CICLO GLOBAL DO CARBONO &#8211; VALORES ANUAIS&nbsp;<\/p>\n<p>BALAN\u00c7O GLOBAL DO DI\u00d3XIDO DE CARBONO &#8211; 2006-2015 <br>(Em bilh\u00f5es de toneladas de di\u00f3xido de carbono por ano)<\/p>\t\t\t\t\t\t\t\t<\/div>\n\t\t\t\t<\/div>\n\t\t\t\t<div class=\"elementor-element elementor-element-5e0a178 elementor-invisible elementor-widget elementor-widget-image\" data-id=\"5e0a178\" data-element_type=\"widget\" data-e-type=\"widget\" data-settings=\"{&quot;_animation&quot;:&quot;fadeInUp&quot;}\" data-widget_type=\"image.default\">\n\t\t\t\t<div class=\"elementor-widget-container\">\n\t\t\t\t\t\t\t\t\t\t\t\t\t\t\t<img loading=\"lazy\" decoding=\"async\" width=\"800\" height=\"152\" src=\"https:\/\/ekosfera.org.br\/wp-content\/uploads\/2023\/06\/ilustracao-1024x195.png\" class=\"attachment-large size-large wp-image-1100\" alt=\"\" srcset=\"https:\/\/ekosfera.org.br\/wp-content\/uploads\/2023\/06\/ilustracao-1024x195.png 1024w, https:\/\/ekosfera.org.br\/wp-content\/uploads\/2023\/06\/ilustracao-600x114.png 600w, https:\/\/ekosfera.org.br\/wp-content\/uploads\/2023\/06\/ilustracao-300x57.png 300w, https:\/\/ekosfera.org.br\/wp-content\/uploads\/2023\/06\/ilustracao-768x146.png 768w, https:\/\/ekosfera.org.br\/wp-content\/uploads\/2023\/06\/ilustracao-1536x292.png 1536w, https:\/\/ekosfera.org.br\/wp-content\/uploads\/2023\/06\/ilustracao-2048x390.png 2048w\" sizes=\"(max-width: 800px) 100vw, 800px\" \/>\t\t\t\t\t\t\t\t\t\t\t\t\t\t\t<\/div>\n\t\t\t\t<\/div>\n\t\t\t\t<div class=\"elementor-element elementor-element-3d70b63 elementor-widget elementor-widget-heading\" data-id=\"3d70b63\" data-element_type=\"widget\" data-e-type=\"widget\" data-widget_type=\"heading.default\">\n\t\t\t\t<div class=\"elementor-widget-container\">\n\t\t\t\t\t<span class=\"elementor-heading-title elementor-size-default\">Fonte: Mudan\u00e7as do clima: tudo que voc\u00ea queria e n\u00e3o queria saber \/ Sergio Margulis. \u2013 Rio de Janeiro: Konrad Adenauer Stiftung, 2020. <\/span>\t\t\t\t<\/div>\n\t\t\t\t<\/div>\n\t\t\t\t\t<\/div>\n\t\t<\/div>\n\t\t\t\t\t<\/div>\n\t\t<\/section>\n\t\t\t\t<section class=\"elementor-section elementor-top-section elementor-element elementor-element-502897a elementor-section-content-middle elementor-section-boxed elementor-section-height-default elementor-section-height-default elementor-invisible\" data-id=\"502897a\" data-element_type=\"section\" data-e-type=\"section\" data-settings=\"{&quot;jet_parallax_layout_list&quot;:[],&quot;animation&quot;:&quot;fadeIn&quot;}\">\n\t\t\t\t\t\t<div class=\"elementor-container elementor-column-gap-default\">\n\t\t\t\t\t<div class=\"elementor-column elementor-col-50 elementor-top-column elementor-element elementor-element-fcf48ca\" data-id=\"fcf48ca\" data-element_type=\"column\" data-e-type=\"column\">\n\t\t\t<div class=\"elementor-widget-wrap elementor-element-populated\">\n\t\t\t\t\t\t<div class=\"elementor-element elementor-element-4db5c3c elementor-widget elementor-widget-text-editor\" data-id=\"4db5c3c\" data-element_type=\"widget\" data-e-type=\"widget\" data-widget_type=\"text-editor.default\">\n\t\t\t\t<div class=\"elementor-widget-container\">\n\t\t\t\t\t\t\t\t\tO ciclo do carbono \u00e9 parte natural da vida na Terra, mas a era industrial levou a um surto de emiss\u00f5es que vem causando uma alta concentra\u00e7\u00e3o de CO<sub>2<\/sub> na atmosfera. Com mais carbono na atmosfera, maior o seu potencial de efeito estufa, o que provoca um aumento da temperatura m\u00e9dia do planeta. O aquecimento global, por sua vez, acarreta um desequil\u00edbrio clim\u00e1tico que se manifesta em eventos extremos, levando a impactos em todos os \u00e2mbitos da vida humana, animal e vegetal.\t\t\t\t\t\t\t\t<\/div>\n\t\t\t\t<\/div>\n\t\t\t\t\t<\/div>\n\t\t<\/div>\n\t\t\t\t<div class=\"elementor-column elementor-col-50 elementor-top-column elementor-element elementor-element-5ca40c8\" data-id=\"5ca40c8\" data-element_type=\"column\" data-e-type=\"column\">\n\t\t\t<div class=\"elementor-widget-wrap elementor-element-populated\">\n\t\t\t\t\t\t<div class=\"elementor-element elementor-element-91f91d8 elementor-widget elementor-widget-image\" data-id=\"91f91d8\" data-element_type=\"widget\" data-e-type=\"widget\" data-widget_type=\"image.default\">\n\t\t\t\t<div class=\"elementor-widget-container\">\n\t\t\t\t\t\t\t\t\t\t\t\t\t\t\t<img loading=\"lazy\" decoding=\"async\" width=\"800\" height=\"800\" src=\"https:\/\/ekosfera.org.br\/wp-content\/uploads\/2023\/08\/ilustracao-1024x1024.png\" class=\"attachment-large size-large wp-image-1723\" alt=\"\" srcset=\"https:\/\/ekosfera.org.br\/wp-content\/uploads\/2023\/08\/ilustracao-1024x1024.png 1024w, https:\/\/ekosfera.org.br\/wp-content\/uploads\/2023\/08\/ilustracao-300x300.png 300w, https:\/\/ekosfera.org.br\/wp-content\/uploads\/2023\/08\/ilustracao-100x100.png 100w, https:\/\/ekosfera.org.br\/wp-content\/uploads\/2023\/08\/ilustracao-600x600.png 600w, https:\/\/ekosfera.org.br\/wp-content\/uploads\/2023\/08\/ilustracao-150x150.png 150w, https:\/\/ekosfera.org.br\/wp-content\/uploads\/2023\/08\/ilustracao-768x768.png 768w, https:\/\/ekosfera.org.br\/wp-content\/uploads\/2023\/08\/ilustracao-12x12.png 12w, https:\/\/ekosfera.org.br\/wp-content\/uploads\/2023\/08\/ilustracao.png 1500w\" sizes=\"(max-width: 800px) 100vw, 800px\" \/>\t\t\t\t\t\t\t\t\t\t\t\t\t\t\t<\/div>\n\t\t\t\t<\/div>\n\t\t\t\t<div class=\"elementor-element elementor-element-09f2702 elementor-widget__width-initial elementor-widget elementor-widget-heading\" data-id=\"09f2702\" data-element_type=\"widget\" data-e-type=\"widget\" data-widget_type=\"heading.default\">\n\t\t\t\t<div class=\"elementor-widget-container\">\n\t\t\t\t\t<div class=\"elementor-heading-title elementor-size-default\">Fonte: Mudan\u00e7as do clima: tudo que voc\u00ea queria e n\u00e3o queria saber \/ Sergio Margulis. \u2013 Rio de Janeiro: Konrad Adenauer Stiftung, 2020. <\/div>\t\t\t\t<\/div>\n\t\t\t\t<\/div>\n\t\t\t\t\t<\/div>\n\t\t<\/div>\n\t\t\t\t\t<\/div>\n\t\t<\/section>\n\t\t\t\t<section class=\"elementor-section elementor-top-section elementor-element elementor-element-5e1ffb3 elementor-section-boxed elementor-section-height-default elementor-section-height-default elementor-invisible\" data-id=\"5e1ffb3\" data-element_type=\"section\" data-e-type=\"section\" id=\"transformacao-sociambiental\" data-settings=\"{&quot;jet_parallax_layout_list&quot;:[],&quot;background_background&quot;:&quot;classic&quot;,&quot;background_motion_fx_motion_fx_scrolling&quot;:&quot;yes&quot;,&quot;background_motion_fx_scale_effect&quot;:&quot;yes&quot;,&quot;animation&quot;:&quot;fadeInDown&quot;,&quot;background_motion_fx_scale_direction&quot;:&quot;out-in&quot;,&quot;background_motion_fx_scale_speed&quot;:{&quot;unit&quot;:&quot;px&quot;,&quot;size&quot;:4,&quot;sizes&quot;:[]},&quot;background_motion_fx_scale_range&quot;:{&quot;unit&quot;:&quot;%&quot;,&quot;size&quot;:&quot;&quot;,&quot;sizes&quot;:{&quot;start&quot;:20,&quot;end&quot;:80}},&quot;background_motion_fx_devices&quot;:[&quot;desktop&quot;,&quot;tablet&quot;,&quot;mobile&quot;]}\">\n\t\t\t\t\t\t<div class=\"elementor-container elementor-column-gap-default\">\n\t\t\t\t\t<div class=\"elementor-column elementor-col-100 elementor-top-column elementor-element elementor-element-3e00a1f\" data-id=\"3e00a1f\" data-element_type=\"column\" data-e-type=\"column\">\n\t\t\t<div class=\"elementor-widget-wrap elementor-element-populated\">\n\t\t\t\t\t\t<div class=\"elementor-element elementor-element-b92463b elementor-widget-divider--view-line elementor-widget elementor-widget-divider\" data-id=\"b92463b\" data-element_type=\"widget\" data-e-type=\"widget\" data-widget_type=\"divider.default\">\n\t\t\t\t<div class=\"elementor-widget-container\">\n\t\t\t\t\t\t\t<div class=\"elementor-divider\">\n\t\t\t<span class=\"elementor-divider-separator\">\n\t\t\t\t\t\t<\/span>\n\t\t<\/div>\n\t\t\t\t\t\t<\/div>\n\t\t\t\t<\/div>\n\t\t\t\t<div class=\"elementor-element elementor-element-57062ba elementor-widget elementor-widget-heading\" data-id=\"57062ba\" data-element_type=\"widget\" data-e-type=\"widget\" data-widget_type=\"heading.default\">\n\t\t\t\t<div class=\"elementor-widget-container\">\n\t\t\t\t\t<h2 class=\"elementor-heading-title elementor-size-default\">VOC\u00ca COMO AGENTE DA \nTRANSFORMA\u00c7\u00c3O <br> SOCIOAMBIENTAL<\/h2>\t\t\t\t<\/div>\n\t\t\t\t<\/div>\n\t\t\t\t\t<\/div>\n\t\t<\/div>\n\t\t\t\t\t<\/div>\n\t\t<\/section>\n\t\t\t\t<section class=\"elementor-section elementor-top-section elementor-element elementor-element-371f37a elementor-section-boxed elementor-section-height-default elementor-section-height-default elementor-invisible\" data-id=\"371f37a\" data-element_type=\"section\" data-e-type=\"section\" data-settings=\"{&quot;jet_parallax_layout_list&quot;:[],&quot;background_background&quot;:&quot;classic&quot;,&quot;animation&quot;:&quot;fadeInUp&quot;}\">\n\t\t\t\t\t\t<div class=\"elementor-container elementor-column-gap-default\">\n\t\t\t\t\t<div class=\"elementor-column elementor-col-100 elementor-top-column elementor-element elementor-element-0aa4151\" data-id=\"0aa4151\" data-element_type=\"column\" data-e-type=\"column\">\n\t\t\t<div class=\"elementor-widget-wrap elementor-element-populated\">\n\t\t\t\t\t\t<div class=\"elementor-element elementor-element-aa2dc12 elementor-widget elementor-widget-text-editor\" data-id=\"aa2dc12\" data-element_type=\"widget\" data-e-type=\"widget\" data-widget_type=\"text-editor.default\">\n\t\t\t\t<div class=\"elementor-widget-container\">\n\t\t\t\t\t\t\t\t\t<p><strong>A boa not\u00edcia \u00e9 que a EKOSFERA pode te ajudar!<\/strong> Precisamos frear a emiss\u00e3o de GEE como o CO<sub>2<\/sub> e acelerar o sequestro desses gases da atmosfera urgentemente. Mas como? A boa not\u00edcia \u00e9 que a EKOSFERA pode te ajudar! Acreditamos que cada pessoa tem um papel a desempenhar na transi\u00e7\u00e3o para um mundo mais verde, justo e seguro. Incluindo VOC\u00ca!<\/p>\t\t\t\t\t\t\t\t<\/div>\n\t\t\t\t<\/div>\n\t\t\t\t\t<\/div>\n\t\t<\/div>\n\t\t\t\t\t<\/div>\n\t\t<\/section>\n\t\t\t\t<section class=\"elementor-section elementor-top-section elementor-element elementor-element-fbb05e1 elementor-section-boxed elementor-section-height-default elementor-section-height-default\" data-id=\"fbb05e1\" data-element_type=\"section\" data-e-type=\"section\" id=\"creditos-carbono\" data-settings=\"{&quot;jet_parallax_layout_list&quot;:[]}\">\n\t\t\t\t\t\t<div class=\"elementor-container elementor-column-gap-default\">\n\t\t\t\t\t<div class=\"elementor-column elementor-col-100 elementor-top-column elementor-element elementor-element-574f727\" data-id=\"574f727\" data-element_type=\"column\" data-e-type=\"column\">\n\t\t\t<div class=\"elementor-widget-wrap elementor-element-populated\">\n\t\t\t\t\t\t<div class=\"elementor-element elementor-element-24960b1 elementor-widget__width-initial elementor-invisible elementor-widget elementor-widget-text-editor\" data-id=\"24960b1\" data-element_type=\"widget\" data-e-type=\"widget\" data-settings=\"{&quot;_animation&quot;:&quot;fadeIn&quot;}\" data-widget_type=\"text-editor.default\">\n\t\t\t\t<div class=\"elementor-widget-container\">\n\t\t\t\t\t\t\t\t\t<p><strong>Primeiro vamos falar sobre a sua pegada de carbono.<\/strong> Essa express\u00e3o diz respeito \u00e0s emiss\u00f5es de GEE que voc\u00ea provoca com as atividades que realiza no dia-a-dia. Veja abaixo alguns exemplos de como cada um de n\u00f3s impacta o ciclo de carbono. Atualmente, cada pessoa no Brasil emite, em m\u00e9dia, cerca de 7,9 toneladas de g\u00e1s carb\u00f4nico por ano, o que equivale a cerca de 22 kg CO<sub>2<\/sub> por dia.<\/p>\t\t\t\t\t\t\t\t<\/div>\n\t\t\t\t<\/div>\n\t\t\t\t<section class=\"elementor-section elementor-inner-section elementor-element elementor-element-e74fbe9 elementor-section-boxed elementor-section-height-default elementor-section-height-default\" data-id=\"e74fbe9\" data-element_type=\"section\" data-e-type=\"section\" data-settings=\"{&quot;jet_parallax_layout_list&quot;:[]}\">\n\t\t\t\t\t\t<div class=\"elementor-container elementor-column-gap-no\">\n\t\t\t\t\t<div class=\"elementor-column elementor-col-16 elementor-inner-column elementor-element elementor-element-40ddb6e\" data-id=\"40ddb6e\" data-element_type=\"column\" data-e-type=\"column\">\n\t\t\t<div class=\"elementor-widget-wrap elementor-element-populated\">\n\t\t\t\t\t\t<div class=\"elementor-element elementor-element-0b2db55 elementor-position-top elementor-invisible elementor-widget elementor-widget-image-box\" data-id=\"0b2db55\" data-element_type=\"widget\" data-e-type=\"widget\" data-settings=\"{&quot;_animation&quot;:&quot;fadeInUp&quot;}\" data-widget_type=\"image-box.default\">\n\t\t\t\t<div class=\"elementor-widget-container\">\n\t\t\t\t\t<div class=\"elementor-image-box-wrapper\"><figure class=\"elementor-image-box-img\"><img loading=\"lazy\" decoding=\"async\" width=\"237\" height=\"217\" src=\"https:\/\/ekosfera.org.br\/wp-content\/uploads\/2023\/04\/energia.png\" class=\"attachment-full size-full wp-image-341\" alt=\"\" \/><\/figure><div class=\"elementor-image-box-content\"><h3 class=\"elementor-image-box-title\">Consumo  de energia<\/h3><\/div><\/div>\t\t\t\t<\/div>\n\t\t\t\t<\/div>\n\t\t\t\t\t<\/div>\n\t\t<\/div>\n\t\t\t\t<div class=\"elementor-column elementor-col-16 elementor-inner-column elementor-element elementor-element-42d5f5d\" data-id=\"42d5f5d\" data-element_type=\"column\" data-e-type=\"column\">\n\t\t\t<div class=\"elementor-widget-wrap elementor-element-populated\">\n\t\t\t\t\t\t<div class=\"elementor-element elementor-element-8b29975 elementor-position-top elementor-invisible elementor-widget elementor-widget-image-box\" data-id=\"8b29975\" data-element_type=\"widget\" data-e-type=\"widget\" data-settings=\"{&quot;_animation&quot;:&quot;fadeInDown&quot;}\" data-widget_type=\"image-box.default\">\n\t\t\t\t<div class=\"elementor-widget-container\">\n\t\t\t\t\t<div class=\"elementor-image-box-wrapper\"><figure class=\"elementor-image-box-img\"><img loading=\"lazy\" decoding=\"async\" width=\"179\" height=\"187\" src=\"https:\/\/ekosfera.org.br\/wp-content\/uploads\/2023\/04\/agua.png\" class=\"attachment-full size-full wp-image-342\" alt=\"\" \/><\/figure><div class=\"elementor-image-box-content\"><h3 class=\"elementor-image-box-title\">Consumo de \u00e1gua<\/h3><\/div><\/div>\t\t\t\t<\/div>\n\t\t\t\t<\/div>\n\t\t\t\t\t<\/div>\n\t\t<\/div>\n\t\t\t\t<div class=\"elementor-column elementor-col-16 elementor-inner-column elementor-element elementor-element-cfb0481\" data-id=\"cfb0481\" data-element_type=\"column\" data-e-type=\"column\">\n\t\t\t<div class=\"elementor-widget-wrap elementor-element-populated\">\n\t\t\t\t\t\t<div class=\"elementor-element elementor-element-3c9e02a elementor-position-top elementor-invisible elementor-widget elementor-widget-image-box\" data-id=\"3c9e02a\" data-element_type=\"widget\" data-e-type=\"widget\" data-settings=\"{&quot;_animation&quot;:&quot;fadeInUp&quot;}\" data-widget_type=\"image-box.default\">\n\t\t\t\t<div class=\"elementor-widget-container\">\n\t\t\t\t\t<div class=\"elementor-image-box-wrapper\"><figure class=\"elementor-image-box-img\"><img loading=\"lazy\" decoding=\"async\" width=\"304\" height=\"193\" src=\"https:\/\/ekosfera.org.br\/wp-content\/uploads\/2023\/04\/alimentos.png\" class=\"attachment-full size-full wp-image-343\" alt=\"\" srcset=\"https:\/\/ekosfera.org.br\/wp-content\/uploads\/2023\/04\/alimentos.png 304w, https:\/\/ekosfera.org.br\/wp-content\/uploads\/2023\/04\/alimentos-300x190.png 300w\" sizes=\"(max-width: 304px) 100vw, 304px\" \/><\/figure><div class=\"elementor-image-box-content\"><h3 class=\"elementor-image-box-title\">Habitos alimentares<\/h3><\/div><\/div>\t\t\t\t<\/div>\n\t\t\t\t<\/div>\n\t\t\t\t\t<\/div>\n\t\t<\/div>\n\t\t\t\t<div class=\"elementor-column elementor-col-16 elementor-inner-column elementor-element elementor-element-b82bebe\" data-id=\"b82bebe\" data-element_type=\"column\" data-e-type=\"column\">\n\t\t\t<div class=\"elementor-widget-wrap elementor-element-populated\">\n\t\t\t\t\t\t<div class=\"elementor-element elementor-element-d37e5c2 elementor-position-top elementor-invisible elementor-widget elementor-widget-image-box\" data-id=\"d37e5c2\" data-element_type=\"widget\" data-e-type=\"widget\" data-settings=\"{&quot;_animation&quot;:&quot;fadeInDown&quot;}\" data-widget_type=\"image-box.default\">\n\t\t\t\t<div class=\"elementor-widget-container\">\n\t\t\t\t\t<div class=\"elementor-image-box-wrapper\"><figure class=\"elementor-image-box-img\"><img loading=\"lazy\" decoding=\"async\" width=\"222\" height=\"223\" src=\"https:\/\/ekosfera.org.br\/wp-content\/uploads\/2023\/04\/transporte.png\" class=\"attachment-full size-full wp-image-344\" alt=\"\" srcset=\"https:\/\/ekosfera.org.br\/wp-content\/uploads\/2023\/04\/transporte.png 222w, https:\/\/ekosfera.org.br\/wp-content\/uploads\/2023\/04\/transporte-100x100.png 100w, https:\/\/ekosfera.org.br\/wp-content\/uploads\/2023\/04\/transporte-150x150.png 150w\" sizes=\"(max-width: 222px) 100vw, 222px\" \/><\/figure><div class=\"elementor-image-box-content\"><h3 class=\"elementor-image-box-title\">Transporte cotidiano<\/h3><\/div><\/div>\t\t\t\t<\/div>\n\t\t\t\t<\/div>\n\t\t\t\t\t<\/div>\n\t\t<\/div>\n\t\t\t\t<div class=\"elementor-column elementor-col-16 elementor-inner-column elementor-element elementor-element-f0f99b0\" data-id=\"f0f99b0\" data-element_type=\"column\" data-e-type=\"column\">\n\t\t\t<div class=\"elementor-widget-wrap elementor-element-populated\">\n\t\t\t\t\t\t<div class=\"elementor-element elementor-element-b106742 elementor-position-top elementor-invisible elementor-widget elementor-widget-image-box\" data-id=\"b106742\" data-element_type=\"widget\" data-e-type=\"widget\" data-settings=\"{&quot;_animation&quot;:&quot;fadeInUp&quot;}\" data-widget_type=\"image-box.default\">\n\t\t\t\t<div class=\"elementor-widget-container\">\n\t\t\t\t\t<div class=\"elementor-image-box-wrapper\"><figure class=\"elementor-image-box-img\"><img loading=\"lazy\" decoding=\"async\" width=\"206\" height=\"209\" src=\"https:\/\/ekosfera.org.br\/wp-content\/uploads\/2023\/04\/viagens.png\" class=\"attachment-full size-full wp-image-345\" alt=\"\" srcset=\"https:\/\/ekosfera.org.br\/wp-content\/uploads\/2023\/04\/viagens.png 206w, https:\/\/ekosfera.org.br\/wp-content\/uploads\/2023\/04\/viagens-100x100.png 100w\" sizes=\"(max-width: 206px) 100vw, 206px\" \/><\/figure><div class=\"elementor-image-box-content\"><h3 class=\"elementor-image-box-title\">Viagens<\/h3><\/div><\/div>\t\t\t\t<\/div>\n\t\t\t\t<\/div>\n\t\t\t\t\t<\/div>\n\t\t<\/div>\n\t\t\t\t<div class=\"elementor-column elementor-col-16 elementor-inner-column elementor-element elementor-element-4264061\" data-id=\"4264061\" data-element_type=\"column\" data-e-type=\"column\">\n\t\t\t<div class=\"elementor-widget-wrap elementor-element-populated\">\n\t\t\t\t\t\t<div class=\"elementor-element elementor-element-d26037a elementor-position-top elementor-invisible elementor-widget elementor-widget-image-box\" data-id=\"d26037a\" data-element_type=\"widget\" data-e-type=\"widget\" data-settings=\"{&quot;_animation&quot;:&quot;fadeInDown&quot;}\" data-widget_type=\"image-box.default\">\n\t\t\t\t<div class=\"elementor-widget-container\">\n\t\t\t\t\t<div class=\"elementor-image-box-wrapper\"><figure class=\"elementor-image-box-img\"><img loading=\"lazy\" decoding=\"async\" width=\"214\" height=\"222\" src=\"https:\/\/ekosfera.org.br\/wp-content\/uploads\/2023\/04\/reciclavel.png\" class=\"attachment-full size-full wp-image-346\" alt=\"\" \/><\/figure><div class=\"elementor-image-box-content\"><h3 class=\"elementor-image-box-title\">Descarte de lixo e res\u00edduos<\/h3><\/div><\/div>\t\t\t\t<\/div>\n\t\t\t\t<\/div>\n\t\t\t\t\t<\/div>\n\t\t<\/div>\n\t\t\t\t\t<\/div>\n\t\t<\/section>\n\t\t\t\t\t<\/div>\n\t\t<\/div>\n\t\t\t\t\t<\/div>\n\t\t<\/section>\n\t\t\t\t<section class=\"elementor-section elementor-top-section elementor-element elementor-element-627846c elementor-section-boxed elementor-section-height-default elementor-section-height-default elementor-invisible\" data-id=\"627846c\" data-element_type=\"section\" data-e-type=\"section\" data-settings=\"{&quot;jet_parallax_layout_list&quot;:[],&quot;background_background&quot;:&quot;classic&quot;,&quot;animation&quot;:&quot;fadeIn&quot;}\">\n\t\t\t\t\t\t<div class=\"elementor-container elementor-column-gap-default\">\n\t\t\t\t\t<div class=\"elementor-column elementor-col-100 elementor-top-column elementor-element elementor-element-6e52020\" data-id=\"6e52020\" data-element_type=\"column\" data-e-type=\"column\">\n\t\t\t<div class=\"elementor-widget-wrap elementor-element-populated\">\n\t\t\t\t\t\t<div class=\"elementor-element elementor-element-26dee4e elementor-widget elementor-widget-text-editor\" data-id=\"26dee4e\" data-element_type=\"widget\" data-e-type=\"widget\" data-widget_type=\"text-editor.default\">\n\t\t\t\t<div class=\"elementor-widget-container\">\n\t\t\t\t\t\t\t\t\t<p>Com a <strong>EKOSFERA,<\/strong> voc\u00ea tem a oportunidade de calcular a sua pegada de carbono e ainda neutralizar parte das suas emiss\u00f5es de GEE. <strong>Conhecer nosso impacto<\/strong> nos leva a repensar h\u00e1bitos e estilos de vida em prol de uma <strong>mudan\u00e7a real<\/strong>.<\/p>\t\t\t\t\t\t\t\t<\/div>\n\t\t\t\t<\/div>\n\t\t\t\t\t<\/div>\n\t\t<\/div>\n\t\t\t\t\t<\/div>\n\t\t<\/section>\n\t\t\t\t<section class=\"elementor-section elementor-top-section elementor-element elementor-element-61c33ad elementor-section-boxed elementor-section-height-default elementor-section-height-default elementor-invisible\" data-id=\"61c33ad\" data-element_type=\"section\" data-e-type=\"section\" id=\"neutralizacao-ekosfera\" data-settings=\"{&quot;jet_parallax_layout_list&quot;:[],&quot;background_background&quot;:&quot;classic&quot;,&quot;background_motion_fx_motion_fx_scrolling&quot;:&quot;yes&quot;,&quot;background_motion_fx_scale_effect&quot;:&quot;yes&quot;,&quot;animation&quot;:&quot;fadeInDown&quot;,&quot;background_motion_fx_scale_direction&quot;:&quot;out-in&quot;,&quot;background_motion_fx_scale_speed&quot;:{&quot;unit&quot;:&quot;px&quot;,&quot;size&quot;:4,&quot;sizes&quot;:[]},&quot;background_motion_fx_scale_range&quot;:{&quot;unit&quot;:&quot;%&quot;,&quot;size&quot;:&quot;&quot;,&quot;sizes&quot;:{&quot;start&quot;:20,&quot;end&quot;:80}},&quot;background_motion_fx_devices&quot;:[&quot;desktop&quot;,&quot;tablet&quot;,&quot;mobile&quot;]}\">\n\t\t\t\t\t\t<div class=\"elementor-container elementor-column-gap-default\">\n\t\t\t\t\t<div class=\"elementor-column elementor-col-100 elementor-top-column elementor-element elementor-element-aac0303\" data-id=\"aac0303\" data-element_type=\"column\" data-e-type=\"column\">\n\t\t\t<div class=\"elementor-widget-wrap elementor-element-populated\">\n\t\t\t\t\t\t<div class=\"elementor-element elementor-element-f5ac747 elementor-widget-divider--view-line elementor-widget elementor-widget-divider\" data-id=\"f5ac747\" data-element_type=\"widget\" data-e-type=\"widget\" data-widget_type=\"divider.default\">\n\t\t\t\t<div class=\"elementor-widget-container\">\n\t\t\t\t\t\t\t<div class=\"elementor-divider\">\n\t\t\t<span class=\"elementor-divider-separator\">\n\t\t\t\t\t\t<\/span>\n\t\t<\/div>\n\t\t\t\t\t\t<\/div>\n\t\t\t\t<\/div>\n\t\t\t\t<div class=\"elementor-element elementor-element-006a84b elementor-widget elementor-widget-heading\" data-id=\"006a84b\" data-element_type=\"widget\" data-e-type=\"widget\" data-widget_type=\"heading.default\">\n\t\t\t\t<div class=\"elementor-widget-container\">\n\t\t\t\t\t<h2 class=\"elementor-heading-title elementor-size-default\">COMO FUNCIONA A NEUTRALIZA\u00c7\u00c3O\nDE <br>CARBONO NA EKOSFERA <\/h2>\t\t\t\t<\/div>\n\t\t\t\t<\/div>\n\t\t\t\t\t<\/div>\n\t\t<\/div>\n\t\t\t\t\t<\/div>\n\t\t<\/section>\n\t\t\t\t<section class=\"elementor-section elementor-top-section elementor-element elementor-element-30c36b2 elementor-section-boxed elementor-section-height-default elementor-section-height-default elementor-invisible\" data-id=\"30c36b2\" data-element_type=\"section\" data-e-type=\"section\" data-settings=\"{&quot;jet_parallax_layout_list&quot;:[],&quot;animation&quot;:&quot;fadeInUp&quot;}\">\n\t\t\t\t\t\t<div class=\"elementor-container elementor-column-gap-default\">\n\t\t\t\t\t<div class=\"elementor-column elementor-col-100 elementor-top-column elementor-element elementor-element-7de9b15\" data-id=\"7de9b15\" data-element_type=\"column\" data-e-type=\"column\">\n\t\t\t<div class=\"elementor-widget-wrap elementor-element-populated\">\n\t\t\t\t\t\t<div class=\"elementor-element elementor-element-486617d elementor-widget-divider--view-line elementor-widget elementor-widget-divider\" data-id=\"486617d\" data-element_type=\"widget\" data-e-type=\"widget\" data-widget_type=\"divider.default\">\n\t\t\t\t<div class=\"elementor-widget-container\">\n\t\t\t\t\t\t\t<div class=\"elementor-divider\">\n\t\t\t<span class=\"elementor-divider-separator\">\n\t\t\t\t\t\t<\/span>\n\t\t<\/div>\n\t\t\t\t\t\t<\/div>\n\t\t\t\t<\/div>\n\t\t\t\t<div class=\"elementor-element elementor-element-91fa9f2 elementor-widget elementor-widget-image\" data-id=\"91fa9f2\" data-element_type=\"widget\" data-e-type=\"widget\" data-widget_type=\"image.default\">\n\t\t\t\t<div class=\"elementor-widget-container\">\n\t\t\t\t\t\t\t\t\t\t\t\t\t\t\t<img loading=\"lazy\" decoding=\"async\" width=\"800\" height=\"257\" src=\"https:\/\/ekosfera.org.br\/wp-content\/uploads\/2023\/04\/Camada-124.png\" class=\"attachment-large size-large wp-image-349\" alt=\"\" srcset=\"https:\/\/ekosfera.org.br\/wp-content\/uploads\/2023\/04\/Camada-124.png 909w, https:\/\/ekosfera.org.br\/wp-content\/uploads\/2023\/04\/Camada-124-600x193.png 600w, https:\/\/ekosfera.org.br\/wp-content\/uploads\/2023\/04\/Camada-124-300x96.png 300w, https:\/\/ekosfera.org.br\/wp-content\/uploads\/2023\/04\/Camada-124-768x247.png 768w\" sizes=\"(max-width: 800px) 100vw, 800px\" \/>\t\t\t\t\t\t\t\t\t\t\t\t\t\t\t<\/div>\n\t\t\t\t<\/div>\n\t\t\t\t<section class=\"elementor-section elementor-inner-section elementor-element elementor-element-75c4702 elementor-section-content-middle elementor-section-boxed elementor-section-height-default elementor-section-height-default\" data-id=\"75c4702\" data-element_type=\"section\" data-e-type=\"section\" data-settings=\"{&quot;jet_parallax_layout_list&quot;:[]}\">\n\t\t\t\t\t\t<div class=\"elementor-container elementor-column-gap-default\">\n\t\t\t\t\t<div class=\"elementor-column elementor-col-100 elementor-inner-column elementor-element elementor-element-ec90512\" data-id=\"ec90512\" data-element_type=\"column\" data-e-type=\"column\">\n\t\t\t<div class=\"elementor-widget-wrap elementor-element-populated\">\n\t\t\t\t\t\t<div class=\"elementor-element elementor-element-82b1bbd elementor-widget__width-initial elementor-widget elementor-widget-image\" data-id=\"82b1bbd\" data-element_type=\"widget\" data-e-type=\"widget\" data-widget_type=\"image.default\">\n\t\t\t\t<div class=\"elementor-widget-container\">\n\t\t\t\t\t\t\t\t\t\t\t\t\t\t\t<img loading=\"lazy\" decoding=\"async\" width=\"800\" height=\"70\" src=\"https:\/\/ekosfera.org.br\/wp-content\/uploads\/2023\/03\/ekosfera.png\" class=\"attachment-large size-large wp-image-67\" alt=\"\" srcset=\"https:\/\/ekosfera.org.br\/wp-content\/uploads\/2023\/03\/ekosfera.png 896w, https:\/\/ekosfera.org.br\/wp-content\/uploads\/2023\/03\/ekosfera-600x52.png 600w, https:\/\/ekosfera.org.br\/wp-content\/uploads\/2023\/03\/ekosfera-300x26.png 300w, https:\/\/ekosfera.org.br\/wp-content\/uploads\/2023\/03\/ekosfera-768x67.png 768w\" sizes=\"(max-width: 800px) 100vw, 800px\" \/>\t\t\t\t\t\t\t\t\t\t\t\t\t\t\t<\/div>\n\t\t\t\t<\/div>\n\t\t\t\t<div class=\"elementor-element elementor-element-4dfc3cc elementor-widget__width-initial elementor-widget elementor-widget-image\" data-id=\"4dfc3cc\" data-element_type=\"widget\" data-e-type=\"widget\" data-widget_type=\"image.default\">\n\t\t\t\t<div class=\"elementor-widget-container\">\n\t\t\t\t\t\t\t\t\t\t\t\t\t\t\t<img loading=\"lazy\" decoding=\"async\" width=\"411\" height=\"142\" src=\"https:\/\/ekosfera.org.br\/wp-content\/uploads\/2023\/04\/REDD-.png\" class=\"attachment-large size-large wp-image-350\" alt=\"\" srcset=\"https:\/\/ekosfera.org.br\/wp-content\/uploads\/2023\/04\/REDD-.png 411w, https:\/\/ekosfera.org.br\/wp-content\/uploads\/2023\/04\/REDD--300x104.png 300w\" sizes=\"(max-width: 411px) 100vw, 411px\" \/>\t\t\t\t\t\t\t\t\t\t\t\t\t\t\t<\/div>\n\t\t\t\t<\/div>\n\t\t\t\t\t<\/div>\n\t\t<\/div>\n\t\t\t\t\t<\/div>\n\t\t<\/section>\n\t\t\t\t<div class=\"elementor-element elementor-element-1f72b74 elementor-widget elementor-widget-text-editor\" data-id=\"1f72b74\" data-element_type=\"widget\" data-e-type=\"widget\" data-widget_type=\"text-editor.default\">\n\t\t\t\t<div class=\"elementor-widget-container\">\n\t\t\t\t\t\t\t\t\t<p>A EKOSFERA compra cr\u00e9ditos que s\u00e3o gerados a partir de Projetos REDD+ (Redu\u00e7\u00e3o de Emiss\u00f5es por Desmatamento e Degrada\u00e7\u00e3o florestal), por meio da preserva\u00e7\u00e3o das florestas brasileiras e do reflorestamento de \u00e1reas degradadas e tamb\u00e9m de investimentos em tecnologias ambientais, contribuindo para o desenvolvimento socioecon\u00f4mico de comunidades tradicionais.<\/p>\t\t\t\t\t\t\t\t<\/div>\n\t\t\t\t<\/div>\n\t\t\t\t<div class=\"elementor-element elementor-element-acdb0b0 elementor-widget-divider--view-line elementor-widget elementor-widget-divider\" data-id=\"acdb0b0\" data-element_type=\"widget\" data-e-type=\"widget\" data-widget_type=\"divider.default\">\n\t\t\t\t<div class=\"elementor-widget-container\">\n\t\t\t\t\t\t\t<div class=\"elementor-divider\">\n\t\t\t<span class=\"elementor-divider-separator\">\n\t\t\t\t\t\t<\/span>\n\t\t<\/div>\n\t\t\t\t\t\t<\/div>\n\t\t\t\t<\/div>\n\t\t\t\t\t<\/div>\n\t\t<\/div>\n\t\t\t\t\t<\/div>\n\t\t<\/section>\n\t\t\t\t<section class=\"elementor-section elementor-top-section elementor-element elementor-element-95d64db elementor-section-boxed elementor-section-height-default elementor-section-height-default\" data-id=\"95d64db\" data-element_type=\"section\" data-e-type=\"section\" data-settings=\"{&quot;jet_parallax_layout_list&quot;:[]}\">\n\t\t\t\t\t\t<div class=\"elementor-container elementor-column-gap-custom\">\n\t\t\t\t\t<div class=\"elementor-column elementor-col-100 elementor-top-column elementor-element elementor-element-0587602\" data-id=\"0587602\" data-element_type=\"column\" data-e-type=\"column\">\n\t\t\t<div class=\"elementor-widget-wrap elementor-element-populated\">\n\t\t\t\t\t\t<section class=\"elementor-section elementor-inner-section elementor-element elementor-element-3b2c9ec elementor-section-boxed elementor-section-height-default elementor-section-height-default\" data-id=\"3b2c9ec\" data-element_type=\"section\" data-e-type=\"section\" data-settings=\"{&quot;jet_parallax_layout_list&quot;:[]}\">\n\t\t\t\t\t\t<div class=\"elementor-container elementor-column-gap-custom\">\n\t\t\t\t\t<div class=\"elementor-column elementor-col-33 elementor-inner-column elementor-element elementor-element-5278d33\" data-id=\"5278d33\" data-element_type=\"column\" data-e-type=\"column\">\n\t\t\t<div class=\"elementor-widget-wrap elementor-element-populated\">\n\t\t\t\t\t\t<div class=\"elementor-element elementor-element-05cb189 elementor-widget elementor-widget-image\" data-id=\"05cb189\" data-element_type=\"widget\" data-e-type=\"widget\" data-widget_type=\"image.default\">\n\t\t\t\t<div class=\"elementor-widget-container\">\n\t\t\t\t\t\t\t\t\t\t\t\t\t\t\t<img loading=\"lazy\" decoding=\"async\" width=\"800\" height=\"391\" src=\"https:\/\/ekosfera.org.br\/wp-content\/uploads\/2023\/05\/arvores-1024x500.png\" class=\"attachment-large size-large wp-image-756\" alt=\"\" srcset=\"https:\/\/ekosfera.org.br\/wp-content\/uploads\/2023\/05\/arvores-1024x500.png 1024w, https:\/\/ekosfera.org.br\/wp-content\/uploads\/2023\/05\/arvores-600x293.png 600w, https:\/\/ekosfera.org.br\/wp-content\/uploads\/2023\/05\/arvores-300x146.png 300w, https:\/\/ekosfera.org.br\/wp-content\/uploads\/2023\/05\/arvores-768x375.png 768w, https:\/\/ekosfera.org.br\/wp-content\/uploads\/2023\/05\/arvores.png 1199w\" sizes=\"(max-width: 800px) 100vw, 800px\" \/>\t\t\t\t\t\t\t\t\t\t\t\t\t\t\t<\/div>\n\t\t\t\t<\/div>\n\t\t\t\t<div class=\"elementor-element elementor-element-d6feb78 elementor-widget elementor-widget-image-box\" data-id=\"d6feb78\" data-element_type=\"widget\" data-e-type=\"widget\" data-widget_type=\"image-box.default\">\n\t\t\t\t<div class=\"elementor-widget-container\">\n\t\t\t\t\t<div class=\"elementor-image-box-wrapper\"><div class=\"elementor-image-box-content\"><p class=\"elementor-image-box-description\">Mas n\u00e3o basta plantar \u00e1rvores para adquirir esse benef\u00edcio. Os cr\u00e9ditos de carbono precisam ser verificados e emitidos por uma institui\u00e7\u00e3o certificadora com legitimidade. \n<\/p><\/div><\/div>\t\t\t\t<\/div>\n\t\t\t\t<\/div>\n\t\t\t\t\t<\/div>\n\t\t<\/div>\n\t\t\t\t<div class=\"elementor-column elementor-col-33 elementor-inner-column elementor-element elementor-element-05a29a7\" data-id=\"05a29a7\" data-element_type=\"column\" data-e-type=\"column\">\n\t\t\t<div class=\"elementor-widget-wrap elementor-element-populated\">\n\t\t\t\t\t\t<div class=\"elementor-element elementor-element-7cc85d3 elementor-widget elementor-widget-image\" data-id=\"7cc85d3\" data-element_type=\"widget\" data-e-type=\"widget\" data-widget_type=\"image.default\">\n\t\t\t\t<div class=\"elementor-widget-container\">\n\t\t\t\t\t\t\t\t\t\t\t\t\t\t\t<img loading=\"lazy\" decoding=\"async\" width=\"664\" height=\"442\" src=\"https:\/\/ekosfera.org.br\/wp-content\/uploads\/2023\/04\/certificado.png\" class=\"attachment-large size-large wp-image-352\" alt=\"\" srcset=\"https:\/\/ekosfera.org.br\/wp-content\/uploads\/2023\/04\/certificado.png 664w, https:\/\/ekosfera.org.br\/wp-content\/uploads\/2023\/04\/certificado-600x399.png 600w, https:\/\/ekosfera.org.br\/wp-content\/uploads\/2023\/04\/certificado-300x200.png 300w\" sizes=\"(max-width: 664px) 100vw, 664px\" \/>\t\t\t\t\t\t\t\t\t\t\t\t\t\t\t<\/div>\n\t\t\t\t<\/div>\n\t\t\t\t<div class=\"elementor-element elementor-element-1a4a705 elementor-widget elementor-widget-image-box\" data-id=\"1a4a705\" data-element_type=\"widget\" data-e-type=\"widget\" data-widget_type=\"image-box.default\">\n\t\t\t\t<div class=\"elementor-widget-container\">\n\t\t\t\t\t<div class=\"elementor-image-box-wrapper\"><div class=\"elementor-image-box-content\"><p class=\"elementor-image-box-description\">Na EKOSFERA, utilizamos a Verra, organiza\u00e7\u00e3o que administra o principal e mais confi\u00e1vel padr\u00e3o de qualidade do mercado volunt\u00e1rio de carbono, o Verified Carbon \nStandard (VCS). \n<\/p><\/div><\/div>\t\t\t\t<\/div>\n\t\t\t\t<\/div>\n\t\t\t\t\t<\/div>\n\t\t<\/div>\n\t\t\t\t<div class=\"elementor-column elementor-col-33 elementor-inner-column elementor-element elementor-element-2927afa\" data-id=\"2927afa\" data-element_type=\"column\" data-e-type=\"column\">\n\t\t\t<div class=\"elementor-widget-wrap elementor-element-populated\">\n\t\t\t\t\t\t<div class=\"elementor-element elementor-element-c5fe90f elementor-widget elementor-widget-image\" data-id=\"c5fe90f\" data-element_type=\"widget\" data-e-type=\"widget\" data-widget_type=\"image.default\">\n\t\t\t\t<div class=\"elementor-widget-container\">\n\t\t\t\t\t\t\t\t\t\t\t\t\t\t\t<img loading=\"lazy\" decoding=\"async\" width=\"800\" height=\"312\" src=\"https:\/\/ekosfera.org.br\/wp-content\/uploads\/2023\/08\/cp2e.png\" class=\"attachment-large size-large wp-image-1893\" alt=\"\" srcset=\"https:\/\/ekosfera.org.br\/wp-content\/uploads\/2023\/08\/cp2e.png 847w, https:\/\/ekosfera.org.br\/wp-content\/uploads\/2023\/08\/cp2e-600x234.png 600w, https:\/\/ekosfera.org.br\/wp-content\/uploads\/2023\/08\/cp2e-300x117.png 300w, https:\/\/ekosfera.org.br\/wp-content\/uploads\/2023\/08\/cp2e-768x299.png 768w, https:\/\/ekosfera.org.br\/wp-content\/uploads\/2023\/08\/cp2e-18x7.png 18w\" sizes=\"(max-width: 800px) 100vw, 800px\" \/>\t\t\t\t\t\t\t\t\t\t\t\t\t\t\t<\/div>\n\t\t\t\t<\/div>\n\t\t\t\t<div class=\"elementor-element elementor-element-eb7ba87 elementor-widget elementor-widget-image-box\" data-id=\"eb7ba87\" data-element_type=\"widget\" data-e-type=\"widget\" data-widget_type=\"image-box.default\">\n\t\t\t\t<div class=\"elementor-widget-container\">\n\t\t\t\t\t<div class=\"elementor-image-box-wrapper\"><div class=\"elementor-image-box-content\"><p class=\"elementor-image-box-description\">A Verra atesta que determinado projeto REDD+ desenvolvido, por exemplo, na Amaz\u00f4nia brasileira, sequestrou ou evitou a emiss\u00e3o de 1 tonelada de CO<sub>2<\/sub>e e, assim, emite o cr\u00e9dito de carbono. <\/p><\/div><\/div>\t\t\t\t<\/div>\n\t\t\t\t<\/div>\n\t\t\t\t\t<\/div>\n\t\t<\/div>\n\t\t\t\t\t<\/div>\n\t\t<\/section>\n\t\t\t\t\t<\/div>\n\t\t<\/div>\n\t\t\t\t\t<\/div>\n\t\t<\/section>\n\t\t\t\t<section class=\"elementor-section elementor-top-section elementor-element elementor-element-14d540d elementor-section-boxed elementor-section-height-default elementor-section-height-default elementor-invisible\" data-id=\"14d540d\" data-element_type=\"section\" data-e-type=\"section\" data-settings=\"{&quot;jet_parallax_layout_list&quot;:[],&quot;background_background&quot;:&quot;classic&quot;,&quot;animation&quot;:&quot;fadeIn&quot;}\">\n\t\t\t\t\t\t<div class=\"elementor-container elementor-column-gap-default\">\n\t\t\t\t\t<div class=\"elementor-column elementor-col-100 elementor-top-column elementor-element elementor-element-5e833c4\" data-id=\"5e833c4\" data-element_type=\"column\" data-e-type=\"column\">\n\t\t\t<div class=\"elementor-widget-wrap elementor-element-populated\">\n\t\t\t\t\t\t<div class=\"elementor-element elementor-element-340e2ef elementor-widget elementor-widget-text-editor\" data-id=\"340e2ef\" data-element_type=\"widget\" data-e-type=\"widget\" data-widget_type=\"text-editor.default\">\n\t\t\t\t<div class=\"elementor-widget-container\">\n\t\t\t\t\t\t\t\t\tAo adquiri-lo, a EKOSFERA fraciona o cr\u00e9dito de carbono em um n\u00famero limitado de certificados individuais, que necessariamente totalizam a quantidade de CO<sub>2<\/sub>e transformada em cr\u00e9dito. Assim, a EKOSFERA n\u00e3o cria o cr\u00e9dito, apenas compra-o e divide-o em partes menores para distribu\u00ed-las aos seus consumidores como forma de benef\u00edcio.\t\t\t\t\t\t\t\t<\/div>\n\t\t\t\t<\/div>\n\t\t\t\t\t<\/div>\n\t\t<\/div>\n\t\t\t\t\t<\/div>\n\t\t<\/section>\n\t\t\t\t<section class=\"elementor-section elementor-top-section elementor-element elementor-element-a289f99 elementor-section-boxed elementor-section-height-default elementor-section-height-default elementor-invisible\" data-id=\"a289f99\" data-element_type=\"section\" data-e-type=\"section\" data-settings=\"{&quot;jet_parallax_layout_list&quot;:[],&quot;animation&quot;:&quot;fadeInUp&quot;}\">\n\t\t\t\t\t\t<div class=\"elementor-container elementor-column-gap-default\">\n\t\t\t\t\t<div class=\"elementor-column elementor-col-100 elementor-top-column elementor-element elementor-element-6cd18bf\" data-id=\"6cd18bf\" data-element_type=\"column\" data-e-type=\"column\">\n\t\t\t<div class=\"elementor-widget-wrap elementor-element-populated\">\n\t\t\t\t\t\t<section class=\"elementor-section elementor-inner-section elementor-element elementor-element-d4fd642 elementor-section-content-middle elementor-section-boxed elementor-section-height-default elementor-section-height-default\" data-id=\"d4fd642\" data-element_type=\"section\" data-e-type=\"section\" data-settings=\"{&quot;jet_parallax_layout_list&quot;:[],&quot;background_background&quot;:&quot;classic&quot;}\">\n\t\t\t\t\t\t<div class=\"elementor-container elementor-column-gap-default\">\n\t\t\t\t\t<div class=\"elementor-column elementor-col-33 elementor-inner-column elementor-element elementor-element-a958e84\" data-id=\"a958e84\" data-element_type=\"column\" data-e-type=\"column\">\n\t\t\t<div class=\"elementor-widget-wrap elementor-element-populated\">\n\t\t\t\t\t\t<div class=\"elementor-element elementor-element-0660f9e elementor-widget elementor-widget-heading\" data-id=\"0660f9e\" data-element_type=\"widget\" data-e-type=\"widget\" data-widget_type=\"heading.default\">\n\t\t\t\t<div class=\"elementor-widget-container\">\n\t\t\t\t\t<h2 class=\"elementor-heading-title elementor-size-default\">1 TOKEN<\/h2>\t\t\t\t<\/div>\n\t\t\t\t<\/div>\n\t\t\t\t<div class=\"elementor-element elementor-element-869ba84 elementor-widget__width-auto elementor-widget elementor-widget-heading\" data-id=\"869ba84\" data-element_type=\"widget\" data-e-type=\"widget\" data-widget_type=\"heading.default\">\n\t\t\t\t<div class=\"elementor-widget-container\">\n\t\t\t\t\t<h2 class=\"elementor-heading-title elementor-size-default\">0xB9829634acae957B\n<\/h2>\t\t\t\t<\/div>\n\t\t\t\t<\/div>\n\t\t\t\t\t<\/div>\n\t\t<\/div>\n\t\t\t\t<div class=\"elementor-column elementor-col-33 elementor-inner-column elementor-element elementor-element-207929b\" data-id=\"207929b\" data-element_type=\"column\" data-e-type=\"column\">\n\t\t\t<div class=\"elementor-widget-wrap\">\n\t\t\t\t\t\t\t<\/div>\n\t\t<\/div>\n\t\t\t\t<div class=\"elementor-column elementor-col-33 elementor-inner-column elementor-element elementor-element-a40d7bd\" data-id=\"a40d7bd\" data-element_type=\"column\" data-e-type=\"column\">\n\t\t\t<div class=\"elementor-widget-wrap elementor-element-populated\">\n\t\t\t\t\t\t<div class=\"elementor-element elementor-element-9f089cc elementor-widget elementor-widget-heading\" data-id=\"9f089cc\" data-element_type=\"widget\" data-e-type=\"widget\" data-widget_type=\"heading.default\">\n\t\t\t\t<div class=\"elementor-widget-container\">\n\t\t\t\t\t<h2 class=\"elementor-heading-title elementor-size-default\">CO<sub>2<\/sub><\/h2>\t\t\t\t<\/div>\n\t\t\t\t<\/div>\n\t\t\t\t<div class=\"elementor-element elementor-element-e34e741 elementor-widget elementor-widget-heading\" data-id=\"e34e741\" data-element_type=\"widget\" data-e-type=\"widget\" data-widget_type=\"heading.default\">\n\t\t\t\t<div class=\"elementor-widget-container\">\n\t\t\t\t\t<h2 class=\"elementor-heading-title elementor-size-default\">NEUTRALIZADO<\/h2>\t\t\t\t<\/div>\n\t\t\t\t<\/div>\n\t\t\t\t\t<\/div>\n\t\t<\/div>\n\t\t\t\t\t<\/div>\n\t\t<\/section>\n\t\t\t\t<div class=\"elementor-element elementor-element-aecb0f0 elementor-widget elementor-widget-text-editor\" data-id=\"aecb0f0\" data-element_type=\"widget\" data-e-type=\"widget\" data-widget_type=\"text-editor.default\">\n\t\t\t\t<div class=\"elementor-widget-container\">\n\t\t\t\t\t\t\t\t\t<p>Esses certificados individuais s\u00e3o tokenizados. Um token \u00e9 a representa\u00e7\u00e3o digital de um ativo, que, nesse caso, \u00e9 a certifica\u00e7\u00e3o de que determinada quantidade de carbono foi neutralizada.<\/p>\t\t\t\t\t\t\t\t<\/div>\n\t\t\t\t<\/div>\n\t\t\t\t<div class=\"elementor-element elementor-element-e67ffaa elementor-widget elementor-widget-heading\" data-id=\"e67ffaa\" data-element_type=\"widget\" data-e-type=\"widget\" data-widget_type=\"heading.default\">\n\t\t\t\t<div class=\"elementor-widget-container\">\n\t\t\t\t\t<h2 class=\"elementor-heading-title elementor-size-default\">RASTREABILIDADE<\/h2>\t\t\t\t<\/div>\n\t\t\t\t<\/div>\n\t\t\t\t<div class=\"elementor-element elementor-element-385f467 elementor-widget elementor-widget-heading\" data-id=\"385f467\" data-element_type=\"widget\" data-e-type=\"widget\" data-widget_type=\"heading.default\">\n\t\t\t\t<div class=\"elementor-widget-container\">\n\t\t\t\t\t<h2 class=\"elementor-heading-title elementor-size-default\">BLOCKCHAIN<\/h2>\t\t\t\t<\/div>\n\t\t\t\t<\/div>\n\t\t\t\t<div class=\"elementor-element elementor-element-f6ede61 elementor-widget elementor-widget-spacer\" data-id=\"f6ede61\" data-element_type=\"widget\" data-e-type=\"widget\" data-widget_type=\"spacer.default\">\n\t\t\t\t<div class=\"elementor-widget-container\">\n\t\t\t\t\t\t\t<div class=\"elementor-spacer\">\n\t\t\t<div class=\"elementor-spacer-inner\"><\/div>\n\t\t<\/div>\n\t\t\t\t\t\t<\/div>\n\t\t\t\t<\/div>\n\t\t\t\t<div class=\"elementor-element elementor-element-92b991f elementor-widget elementor-widget-text-editor\" data-id=\"92b991f\" data-element_type=\"widget\" data-e-type=\"widget\" data-widget_type=\"text-editor.default\">\n\t\t\t\t<div class=\"elementor-widget-container\">\n\t\t\t\t\t\t\t\t\t<p>Esse token recebe um c\u00f3digo \u00fanico de identifica\u00e7\u00e3o, uma sequ\u00eancia de letras e n\u00fameros, cujo registro \u00e9 feito via tecnologia blockchain. Isso significa que \u00e9 poss\u00edvel rastrear a origem da neutraliza\u00e7\u00e3o das suas emiss\u00f5es, ou seja, voc\u00ea pode saber qual projeto sustent\u00e1vel compensou o carbono que voc\u00ea lan\u00e7ou na atmosfera.\u00a0<\/p><p>Para saber mais sobre a rastreabilidade em blockchain na EKOSFERA,<a href=\"https:\/\/ekosfera.org.br\/rastreabilidade\/\"><strong> clique aqui.<\/strong><\/a><\/p>\t\t\t\t\t\t\t\t<\/div>\n\t\t\t\t<\/div>\n\t\t\t\t<div class=\"elementor-element elementor-element-e6f0c76 elementor-widget elementor-widget-spacer\" data-id=\"e6f0c76\" data-element_type=\"widget\" data-e-type=\"widget\" data-widget_type=\"spacer.default\">\n\t\t\t\t<div class=\"elementor-widget-container\">\n\t\t\t\t\t\t\t<div class=\"elementor-spacer\">\n\t\t\t<div class=\"elementor-spacer-inner\"><\/div>\n\t\t<\/div>\n\t\t\t\t\t\t<\/div>\n\t\t\t\t<\/div>\n\t\t\t\t<div class=\"elementor-element elementor-element-152c846 elementor-widget elementor-widget-heading\" data-id=\"152c846\" data-element_type=\"widget\" data-e-type=\"widget\" data-widget_type=\"heading.default\">\n\t\t\t\t<div class=\"elementor-widget-container\">\n\t\t\t\t\t<h2 class=\"elementor-heading-title elementor-size-default\">APOSENTADORIA<\/h2>\t\t\t\t<\/div>\n\t\t\t\t<\/div>\n\t\t\t\t<div class=\"elementor-element elementor-element-0d2ba55 elementor-widget elementor-widget-text-editor\" data-id=\"0d2ba55\" data-element_type=\"widget\" data-e-type=\"widget\" data-widget_type=\"text-editor.default\">\n\t\t\t\t<div class=\"elementor-widget-container\">\n\t\t\t\t\t\t\t\t\t<p>Por fim, \u00e9 importante entender que os cr\u00e9ditos adquiridos pela EKOSFERA s\u00e3o cr\u00e9ditos aposentados, ou seja, servem exclusivamente para neutralizar as suas emiss\u00f5es de carbono. Eles n\u00e3o podem mais ser comercializados porque j\u00e1 cumpriram seu papel de neutraliza\u00e7\u00e3o.<\/p><p>\u00a0<\/p>\t\t\t\t\t\t\t\t<\/div>\n\t\t\t\t<\/div>\n\t\t\t\t<div class=\"elementor-element elementor-element-8e1189d elementor-widget elementor-widget-heading\" data-id=\"8e1189d\" data-element_type=\"widget\" data-e-type=\"widget\" data-widget_type=\"heading.default\">\n\t\t\t\t<div class=\"elementor-widget-container\">\n\t\t\t\t\t<h2 class=\"elementor-heading-title elementor-size-default\">ENTENDA A SUA PEGADA DE CARBONO<\/h2>\t\t\t\t<\/div>\n\t\t\t\t<\/div>\n\t\t\t\t<div class=\"elementor-element elementor-element-701813a elementor-widget elementor-widget-text-editor\" data-id=\"701813a\" data-element_type=\"widget\" data-e-type=\"widget\" data-widget_type=\"text-editor.default\">\n\t\t\t\t<div class=\"elementor-widget-container\">\n\t\t\t\t\t\t\t\t\t<p>Atualmente, cada pessoa no Brasil emite, em m\u00e9dia, cerca de 7,9 toneladas de g\u00e1s carb\u00f4nico por ano, o que equivale a cerca de 22 kg CO<sub>2<\/sub> por dia!<\/p>\t\t\t\t\t\t\t\t<\/div>\n\t\t\t\t<\/div>\n\t\t\t\t<div class=\"elementor-element elementor-element-29bbe66 elementor-widget elementor-widget-spacer\" data-id=\"29bbe66\" data-element_type=\"widget\" data-e-type=\"widget\" data-widget_type=\"spacer.default\">\n\t\t\t\t<div class=\"elementor-widget-container\">\n\t\t\t\t\t\t\t<div class=\"elementor-spacer\">\n\t\t\t<div class=\"elementor-spacer-inner\"><\/div>\n\t\t<\/div>\n\t\t\t\t\t\t<\/div>\n\t\t\t\t<\/div>\n\t\t\t\t<div class=\"elementor-element elementor-element-7614e77 elementor-widget elementor-widget-spacer\" data-id=\"7614e77\" data-element_type=\"widget\" data-e-type=\"widget\" data-widget_type=\"spacer.default\">\n\t\t\t\t<div class=\"elementor-widget-container\">\n\t\t\t\t\t\t\t<div class=\"elementor-spacer\">\n\t\t\t<div class=\"elementor-spacer-inner\"><\/div>\n\t\t<\/div>\n\t\t\t\t\t\t<\/div>\n\t\t\t\t<\/div>\n\t\t\t\t<div class=\"elementor-element elementor-element-f2813c6 elementor-widget elementor-widget-text-editor\" data-id=\"f2813c6\" data-element_type=\"widget\" data-e-type=\"widget\" data-widget_type=\"text-editor.default\">\n\t\t\t\t<div class=\"elementor-widget-container\">\n\t\t\t\t\t\t\t\t\t<p>*Tendo em vista que a publica\u00e7\u00e3o dos dados anuais ocorre no ano subsequente (emiss\u00f5es de 2021 foram publicadas em novembro de 2022, por exemplo), utilizamos a cada ano as emiss\u00f5es mais recentes dispon\u00edveis (para o ano de 2023 utilizamos os dados de 2025 publicados em novembro de 2024).<\/p>\t\t\t\t\t\t\t\t<\/div>\n\t\t\t\t<\/div>\n\t\t\t\t<div class=\"elementor-element elementor-element-7d2ec87 elementor-widget elementor-widget-spacer\" data-id=\"7d2ec87\" data-element_type=\"widget\" data-e-type=\"widget\" data-widget_type=\"spacer.default\">\n\t\t\t\t<div class=\"elementor-widget-container\">\n\t\t\t\t\t\t\t<div class=\"elementor-spacer\">\n\t\t\t<div class=\"elementor-spacer-inner\"><\/div>\n\t\t<\/div>\n\t\t\t\t\t\t<\/div>\n\t\t\t\t<\/div>\n\t\t\t\t<div class=\"elementor-element elementor-element-92ef4be tabela elementor-widget elementor-widget-text-editor\" data-id=\"92ef4be\" data-element_type=\"widget\" data-e-type=\"widget\" data-widget_type=\"text-editor.default\">\n\t\t\t\t<div class=\"elementor-widget-container\">\n\t\t\t\t\t\t\t\t\t<table cellspacing=\"0\" cellpadding=\"0\"><tbody><tr><td align=\"left\" width=\"25%\">\u00a0<\/td><td align=\"center\" width=\"19%\">2019<\/td><td align=\"center\" width=\"19%\">2020<\/td><td align=\"center\" width=\"19%\">2021<\/td><td align=\"center\" width=\"%19\">2022<\/td><td align=\"center\" width=\"%19\">2023<\/td><\/tr><tr><td align=\"left\">Emiss\u00f5es Totais Brasil*: (+)<\/td><td align=\"left\">2.147.507.008 tCO<sub>2<\/sub><\/td><td align=\"left\">2.160.663.755 tCO<sub>2<\/sub><\/td><td align=\"left\">2.422.625.065 tCO<sub>2<\/sub><\/td><td align=\"left\">2.318.750.633 tCO<sub>2<\/sub><\/td><td align=\"left\">2.295.614.181 tCO<sub>2<\/sub><\/td><\/tr><tr><td align=\"left\">Remo\u00e7\u00f5es Totais*: (-)<\/td><td align=\"left\">604.718.128 tCO<sub>2<\/sub><\/td><td align=\"left\">635.000.000 tCO<sub>2<\/sub><\/td><td align=\"left\">666.915.168 tCO<sub>2<\/sub><\/td><td align=\"left\">629.697.259 tCO<sub>2<\/sub><\/td><td align=\"left\">642.246.666 tCO<sub>2<\/sub><\/td><\/tr><tr><td align=\"left\">Emiss\u00f5es L\u00edquidas: (=)<\/td><td align=\"left\">1.542.788.880 tCO<sub>2<\/sub><\/td><td align=\"left\">1.525.663.755 tCO<sub>2<\/sub><\/td><td align=\"left\">1.755.709.897 tCO<sub>2<\/sub><\/td><td align=\"left\">1.688.783.374 tCO<sub>2<\/sub><\/td><td align=\"left\">1.653.367.515 tCO<sub>2<\/sub><\/td><\/tr><tr><td align=\"left\">Popula\u00e7\u00e3o Brasil**: (\/)<\/td><td align=\"left\">210.147.125<\/td><td align=\"left\">211.755.692<\/td><td align=\"left\">214.016.154<\/td><td align=\"left\">203.080.756<\/td><td align=\"left\">207.618.141<\/td><\/tr><tr><td align=\"left\">Emiss\u00e3o M\u00e9dia por Habitante: (=)<\/td><td align=\"left\">7,3 tCO<sub>2<\/sub>\/hab\/ano<\/td><td align=\"left\">7,0 tCO<sub>2<\/sub>\/hab\/ano<\/td><td align=\"left\">8,2 tCO<sub>2<\/sub>\/hab\/ano<\/td><td align=\"left\">8,3 tCO<sub>2<\/sub>\/hab\/ano<\/td><td align=\"left\">7,9 tCO<sub>2<\/sub>\/hab\/ano<\/td><\/tr><tr><td align=\"left\">Dias no Ano: (\/)<\/td><td align=\"left\">365<\/td><td align=\"left\">365<\/td><td align=\"left\">365<\/td><td align=\"left\">365<\/td><td align=\"left\">365<\/td><\/tr><tr><td align=\"left\">Emiss\u00e3o M\u00e9dia por Hab. por Dia: (=)<\/td><td align=\"left\">25kg CO<sub>2<\/sub><\/td><td align=\"left\">20kg CO<sub>2<\/sub><\/td><td align=\"left\">23kg CO<sub>2<\/sub><\/td><td align=\"left\">23kg CO<sub>2<\/sub><\/td><td align=\"left\">22kg CO<sub>2<\/sub><\/td><\/tr><\/tbody><\/table><p>*Fonte emiss\u00f5es de GEE: Sistema de Estimativas de Emiss\u00f5es de Gases de Efeito Estufa do Observ\u00e1torio do Clima (SEEG)<br \/>A SEEG atualiza anualmente os valores dos anos anteriores. A tabela acima mant\u00e9m os valores originais publicados ao final de cada ano.<br \/>**Fonte Popula\u00e7\u00e3o Brasil: Instituto Brasileiro de Geografia e Estat\u00edstica (IBGE)<br \/>A popula\u00e7\u00e3o estimada do Brasil para 2023 \u00e9 baseada na m\u00e9dia de crescimento observado pelo IBGE entre 2022 e 2024.<\/p>\t\t\t\t\t\t\t\t<\/div>\n\t\t\t\t<\/div>\n\t\t\t\t<div class=\"elementor-element elementor-element-ca6d534 elementor-widget elementor-widget-hotspot\" data-id=\"ca6d534\" data-element_type=\"widget\" data-e-type=\"widget\" data-settings=\"{&quot;hotspot&quot;:[{&quot;_id&quot;:&quot;2d0db8e&quot;,&quot;hotspot_label&quot;:&quot;1&quot;,&quot;hotspot_custom_size&quot;:&quot;&quot;,&quot;hotspot_width&quot;:null,&quot;hotspot_tooltip_content&quot;:&quot;&lt;p&gt;Para chegar ao valor de&lt;br \\\/&gt;emiss\\u00f5es individuais por dia,&lt;br \\\/&gt;levamos em considera\\u00e7\\u00e3o o&lt;br \\\/&gt;total de emiss\\u00f5es de CO&lt;sub&gt;2&lt;\\\/sub&gt; do&lt;br \\\/&gt;Brasil no ano.*&lt;\\\/p&gt;&quot;,&quot;hotspot_offset_x&quot;:{&quot;unit&quot;:&quot;%&quot;,&quot;size&quot;:15,&quot;sizes&quot;:[]},&quot;hotspot_offset_y&quot;:{&quot;unit&quot;:&quot;%&quot;,&quot;size&quot;:2,&quot;sizes&quot;:[]},&quot;hotspot_offset_y_mobile&quot;:{&quot;unit&quot;:&quot;px&quot;,&quot;size&quot;:0,&quot;sizes&quot;:[]},&quot;hotspot_link&quot;:{&quot;url&quot;:&quot;&quot;,&quot;is_external&quot;:&quot;&quot;,&quot;nofollow&quot;:&quot;&quot;,&quot;custom_attributes&quot;:&quot;&quot;},&quot;hotspot_icon&quot;:{&quot;value&quot;:&quot;&quot;,&quot;library&quot;:&quot;&quot;},&quot;hotspot_icon_position&quot;:null,&quot;hotspot_icon_spacing&quot;:null,&quot;hotspot_height&quot;:null,&quot;hotspot_horizontal&quot;:&quot;left&quot;,&quot;hotspot_vertical&quot;:&quot;top&quot;,&quot;hotspot_tooltip_position&quot;:&quot;no&quot;,&quot;hotspot_position&quot;:null,&quot;hotspot_tooltip_width&quot;:null,&quot;hotspot_tooltip_text_wrap&quot;:null},{&quot;hotspot_label&quot;:&quot;2&quot;,&quot;hotspot_custom_size&quot;:&quot;&quot;,&quot;hotspot_width&quot;:null,&quot;hotspot_tooltip_content&quot;:&quot;Depois, subtra\\u00edmos as&lt;br&gt; emiss\\u00f5es evitadas de &lt;br&gt;\\u00e1reas protegidas e outras &lt;br&gt;iniciativas ambientais.*&quot;,&quot;hotspot_offset_x&quot;:{&quot;unit&quot;:&quot;%&quot;,&quot;size&quot;:49,&quot;sizes&quot;:[]},&quot;hotspot_offset_y&quot;:{&quot;unit&quot;:&quot;%&quot;,&quot;size&quot;:2,&quot;sizes&quot;:[]},&quot;_id&quot;:&quot;5696274&quot;,&quot;hotspot_offset_y_mobile&quot;:{&quot;unit&quot;:&quot;px&quot;,&quot;size&quot;:0,&quot;sizes&quot;:[]},&quot;hotspot_link&quot;:{&quot;url&quot;:&quot;&quot;,&quot;is_external&quot;:&quot;&quot;,&quot;nofollow&quot;:&quot;&quot;,&quot;custom_attributes&quot;:&quot;&quot;},&quot;hotspot_icon&quot;:{&quot;value&quot;:&quot;&quot;,&quot;library&quot;:&quot;&quot;},&quot;hotspot_icon_position&quot;:null,&quot;hotspot_icon_spacing&quot;:null,&quot;hotspot_height&quot;:null,&quot;hotspot_horizontal&quot;:&quot;left&quot;,&quot;hotspot_vertical&quot;:&quot;top&quot;,&quot;hotspot_tooltip_position&quot;:&quot;no&quot;,&quot;hotspot_position&quot;:null,&quot;hotspot_tooltip_width&quot;:null,&quot;hotspot_tooltip_text_wrap&quot;:null},{&quot;hotspot_label&quot;:&quot;3&quot;,&quot;hotspot_custom_size&quot;:&quot;&quot;,&quot;hotspot_width&quot;:null,&quot;hotspot_tooltip_content&quot;:&quot;&lt;p&gt;Por fim, dividimos esta &lt;br \\\/&gt;subtra\\u00e7\\u00e3o (emissoes l\\u00edquidas)&lt;br \\\/&gt;pela popula\\u00e7\\u00e3o brasileira nos &lt;br \\\/&gt;respectivos anos &lt;br \\\/&gt;(dados do IBGE).&lt;\\\/p&gt;&quot;,&quot;hotspot_offset_x&quot;:{&quot;unit&quot;:&quot;%&quot;,&quot;size&quot;:20,&quot;sizes&quot;:[]},&quot;hotspot_offset_y&quot;:{&quot;unit&quot;:&quot;%&quot;,&quot;size&quot;:47,&quot;sizes&quot;:[]},&quot;_id&quot;:&quot;ae47751&quot;,&quot;hotspot_offset_x_mobile&quot;:{&quot;unit&quot;:&quot;px&quot;,&quot;size&quot;:17,&quot;sizes&quot;:[]},&quot;hotspot_link&quot;:{&quot;url&quot;:&quot;&quot;,&quot;is_external&quot;:&quot;&quot;,&quot;nofollow&quot;:&quot;&quot;,&quot;custom_attributes&quot;:&quot;&quot;},&quot;hotspot_icon&quot;:{&quot;value&quot;:&quot;&quot;,&quot;library&quot;:&quot;&quot;},&quot;hotspot_icon_position&quot;:null,&quot;hotspot_icon_spacing&quot;:null,&quot;hotspot_height&quot;:null,&quot;hotspot_horizontal&quot;:&quot;left&quot;,&quot;hotspot_vertical&quot;:&quot;top&quot;,&quot;hotspot_tooltip_position&quot;:&quot;no&quot;,&quot;hotspot_position&quot;:null,&quot;hotspot_tooltip_width&quot;:null,&quot;hotspot_tooltip_text_wrap&quot;:null},{&quot;hotspot_label&quot;:&quot;4&quot;,&quot;hotspot_custom_size&quot;:&quot;&quot;,&quot;hotspot_width&quot;:null,&quot;hotspot_tooltip_content&quot;:&quot;Para encontrar a emiss\\u00e3o&lt;br&gt; di\\u00e1ria por habitante, dividimos&lt;br&gt; por 365 dias do ano.&quot;,&quot;hotspot_offset_x&quot;:{&quot;unit&quot;:&quot;%&quot;,&quot;size&quot;:41,&quot;sizes&quot;:[]},&quot;hotspot_offset_y&quot;:{&quot;unit&quot;:&quot;%&quot;,&quot;size&quot;:78,&quot;sizes&quot;:[]},&quot;_id&quot;:&quot;9768fed&quot;,&quot;hotspot_offset_x_mobile&quot;:{&quot;unit&quot;:&quot;px&quot;,&quot;size&quot;:39,&quot;sizes&quot;:[]},&quot;hotspot_link&quot;:{&quot;url&quot;:&quot;&quot;,&quot;is_external&quot;:&quot;&quot;,&quot;nofollow&quot;:&quot;&quot;,&quot;custom_attributes&quot;:&quot;&quot;},&quot;hotspot_icon&quot;:{&quot;value&quot;:&quot;&quot;,&quot;library&quot;:&quot;&quot;},&quot;hotspot_icon_position&quot;:null,&quot;hotspot_icon_spacing&quot;:null,&quot;hotspot_height&quot;:null,&quot;hotspot_horizontal&quot;:&quot;left&quot;,&quot;hotspot_vertical&quot;:&quot;top&quot;,&quot;hotspot_tooltip_position&quot;:&quot;no&quot;,&quot;hotspot_position&quot;:null,&quot;hotspot_tooltip_width&quot;:null,&quot;hotspot_tooltip_text_wrap&quot;:null},{&quot;hotspot_label&quot;:&quot;5&quot;,&quot;hotspot_custom_size&quot;:&quot;&quot;,&quot;hotspot_width&quot;:null,&quot;hotspot_tooltip_content&quot;:&quot;&lt;p&gt;Atualmente, cada pessoa&lt;br \\\/&gt;no Brasil emite, em m\\u00e9dia,&lt;br \\\/&gt;cerca de 7,9 toneladas&lt;br \\\/&gt;de g\\u00e1s carb\\u00f4nico por ano,&lt;br \\\/&gt;o que equivale a cerca de&lt;br \\\/&gt;22 kg CO&lt;sub&gt;2 &lt;\\\/sub&gt;por dia!&lt;\\\/p&gt;&quot;,&quot;hotspot_offset_x&quot;:{&quot;unit&quot;:&quot;%&quot;,&quot;size&quot;:89,&quot;sizes&quot;:[]},&quot;hotspot_offset_y&quot;:{&quot;unit&quot;:&quot;%&quot;,&quot;size&quot;:49,&quot;sizes&quot;:[]},&quot;_id&quot;:&quot;550904d&quot;,&quot;hotspot_link&quot;:{&quot;url&quot;:&quot;&quot;,&quot;is_external&quot;:&quot;&quot;,&quot;nofollow&quot;:&quot;&quot;,&quot;custom_attributes&quot;:&quot;&quot;},&quot;hotspot_icon&quot;:{&quot;value&quot;:&quot;&quot;,&quot;library&quot;:&quot;&quot;},&quot;hotspot_icon_position&quot;:null,&quot;hotspot_icon_spacing&quot;:null,&quot;hotspot_height&quot;:null,&quot;hotspot_horizontal&quot;:&quot;left&quot;,&quot;hotspot_vertical&quot;:&quot;top&quot;,&quot;hotspot_tooltip_position&quot;:&quot;no&quot;,&quot;hotspot_position&quot;:null,&quot;hotspot_tooltip_width&quot;:null,&quot;hotspot_tooltip_text_wrap&quot;:null}],&quot;tooltip_trigger&quot;:&quot;mouseenter&quot;,&quot;hotspot_sequenced_animation&quot;:&quot;no&quot;,&quot;tooltip_position&quot;:&quot;top&quot;,&quot;tooltip_animation&quot;:&quot;e-hotspot--fade-in-out&quot;}\" data-widget_type=\"hotspot.default\">\n\t\t\t\t<div class=\"elementor-widget-container\">\n\t\t\t\t\t<img loading=\"lazy\" decoding=\"async\" width=\"768\" height=\"484\" src=\"https:\/\/ekosfera.org.br\/wp-content\/uploads\/2025\/01\/FORMULA-PT-v2-768x484-2025.png\" class=\"attachment-large size-large wp-image-2952\" alt=\"\" srcset=\"https:\/\/ekosfera.org.br\/wp-content\/uploads\/2025\/01\/FORMULA-PT-v2-768x484-2025.png 768w, https:\/\/ekosfera.org.br\/wp-content\/uploads\/2025\/01\/FORMULA-PT-v2-768x484-2025-300x189.png 300w, https:\/\/ekosfera.org.br\/wp-content\/uploads\/2025\/01\/FORMULA-PT-v2-768x484-2025-18x12.png 18w, https:\/\/ekosfera.org.br\/wp-content\/uploads\/2025\/01\/FORMULA-PT-v2-768x484-2025-600x378.png 600w\" sizes=\"(max-width: 768px) 100vw, 768px\" \/>\n\t\t\t\t\t\t<div class=\"e-hotspot elementor-repeater-item-2d0db8e  e-hotspot--position-left e-hotspot--position-top  \">\n\n\t\t\t\t\t\t\t\t<div class=\"e-hotspot__button e-hotspot--expand\">\n\t\t\t\t\t\t\t\t\t\t\t\t\t\t\t\t\t\t\t\t\t\t\t\t<div class=\"e-hotspot__label\">1<\/div>\n\t\t\t\t\t\t\t\t\t\t\t\t\t\t\t<\/div>\n\n\t\t\t\t\t\t\t\t\t\t\t\t\t\t\t\t\t\t<div class=\"e-hotspot__tooltip  e-hotspot--tooltip-position e-hotspot--fade-in-out \" >\n\t\t\t\t\t\t<p>Para chegar ao valor de<br \/>emiss\u00f5es individuais por dia,<br \/>levamos em considera\u00e7\u00e3o o<br \/>total de emiss\u00f5es de CO<sub>2<\/sub> do<br \/>Brasil no ano.*<\/p>\t\t\t\t\t<\/div>\n\t\t\t\t\t\t\t\t\t\n\t\t\t<\/div>\n\n\t\n\t\t\t\t\t\t<div class=\"e-hotspot elementor-repeater-item-5696274  e-hotspot--position-left e-hotspot--position-top  \">\n\n\t\t\t\t\t\t\t\t<div class=\"e-hotspot__button e-hotspot--expand\">\n\t\t\t\t\t\t\t\t\t\t\t\t\t\t\t\t\t\t\t\t\t\t\t\t<div class=\"e-hotspot__label\">2<\/div>\n\t\t\t\t\t\t\t\t\t\t\t\t\t\t\t<\/div>\n\n\t\t\t\t\t\t\t\t\t\t\t\t\t\t\t\t\t\t<div class=\"e-hotspot__tooltip  e-hotspot--tooltip-position e-hotspot--fade-in-out \" >\n\t\t\t\t\t\tDepois, subtra\u00edmos as<br> emiss\u00f5es evitadas de <br>\u00e1reas protegidas e outras <br>iniciativas ambientais.*\t\t\t\t\t<\/div>\n\t\t\t\t\t\t\t\t\t\n\t\t\t<\/div>\n\n\t\n\t\t\t\t\t\t<div class=\"e-hotspot elementor-repeater-item-ae47751  e-hotspot--position-left e-hotspot--position-top  \">\n\n\t\t\t\t\t\t\t\t<div class=\"e-hotspot__button e-hotspot--expand\">\n\t\t\t\t\t\t\t\t\t\t\t\t\t\t\t\t\t\t\t\t\t\t\t\t<div class=\"e-hotspot__label\">3<\/div>\n\t\t\t\t\t\t\t\t\t\t\t\t\t\t\t<\/div>\n\n\t\t\t\t\t\t\t\t\t\t\t\t\t\t\t\t\t\t<div class=\"e-hotspot__tooltip  e-hotspot--tooltip-position e-hotspot--fade-in-out \" >\n\t\t\t\t\t\t<p>Por fim, dividimos esta <br \/>subtra\u00e7\u00e3o (emissoes l\u00edquidas)<br \/>pela popula\u00e7\u00e3o brasileira nos <br \/>respectivos anos <br \/>(dados do IBGE).<\/p>\t\t\t\t\t<\/div>\n\t\t\t\t\t\t\t\t\t\n\t\t\t<\/div>\n\n\t\n\t\t\t\t\t\t<div class=\"e-hotspot elementor-repeater-item-9768fed  e-hotspot--position-left e-hotspot--position-top  \">\n\n\t\t\t\t\t\t\t\t<div class=\"e-hotspot__button e-hotspot--expand\">\n\t\t\t\t\t\t\t\t\t\t\t\t\t\t\t\t\t\t\t\t\t\t\t\t<div class=\"e-hotspot__label\">4<\/div>\n\t\t\t\t\t\t\t\t\t\t\t\t\t\t\t<\/div>\n\n\t\t\t\t\t\t\t\t\t\t\t\t\t\t\t\t\t\t<div class=\"e-hotspot__tooltip  e-hotspot--tooltip-position e-hotspot--fade-in-out \" >\n\t\t\t\t\t\tPara encontrar a emiss\u00e3o<br> di\u00e1ria por habitante, dividimos<br> por 365 dias do ano.\t\t\t\t\t<\/div>\n\t\t\t\t\t\t\t\t\t\n\t\t\t<\/div>\n\n\t\n\t\t\t\t\t\t<div class=\"e-hotspot elementor-repeater-item-550904d  e-hotspot--position-left e-hotspot--position-top  \">\n\n\t\t\t\t\t\t\t\t<div class=\"e-hotspot__button e-hotspot--expand\">\n\t\t\t\t\t\t\t\t\t\t\t\t\t\t\t\t\t\t\t\t\t\t\t\t<div class=\"e-hotspot__label\">5<\/div>\n\t\t\t\t\t\t\t\t\t\t\t\t\t\t\t<\/div>\n\n\t\t\t\t\t\t\t\t\t\t\t\t\t\t\t\t\t\t<div class=\"e-hotspot__tooltip  e-hotspot--tooltip-position e-hotspot--fade-in-out \" >\n\t\t\t\t\t\t<p>Atualmente, cada pessoa<br \/>no Brasil emite, em m\u00e9dia,<br \/>cerca de 7,9 toneladas<br \/>de g\u00e1s carb\u00f4nico por ano,<br \/>o que equivale a cerca de<br \/>22 kg CO<sub>2 <\/sub>por dia!<\/p>\t\t\t\t\t<\/div>\n\t\t\t\t\t\t\t\t\t\n\t\t\t<\/div>\n\n\t\n\t\t\t\t\t\t<\/div>\n\t\t\t\t<\/div>\n\t\t\t\t<div class=\"elementor-element elementor-element-ee85967 elementor-widget elementor-widget-spacer\" data-id=\"ee85967\" data-element_type=\"widget\" data-e-type=\"widget\" data-widget_type=\"spacer.default\">\n\t\t\t\t<div class=\"elementor-widget-container\">\n\t\t\t\t\t\t\t<div class=\"elementor-spacer\">\n\t\t\t<div class=\"elementor-spacer-inner\"><\/div>\n\t\t<\/div>\n\t\t\t\t\t\t<\/div>\n\t\t\t\t<\/div>\n\t\t\t\t<section class=\"elementor-section elementor-inner-section elementor-element elementor-element-e9638a7 elementor-section-boxed elementor-section-height-default elementor-section-height-default\" data-id=\"e9638a7\" data-element_type=\"section\" data-e-type=\"section\" data-settings=\"{&quot;jet_parallax_layout_list&quot;:[]}\">\n\t\t\t\t\t\t<div class=\"elementor-container elementor-column-gap-default\">\n\t\t\t\t\t<div class=\"elementor-column elementor-col-33 elementor-inner-column elementor-element elementor-element-ab917ae\" data-id=\"ab917ae\" data-element_type=\"column\" data-e-type=\"column\">\n\t\t\t<div class=\"elementor-widget-wrap\">\n\t\t\t\t\t\t\t<\/div>\n\t\t<\/div>\n\t\t\t\t<div class=\"elementor-column elementor-col-33 elementor-inner-column elementor-element elementor-element-39f6dc5 elementor-invisible\" data-id=\"39f6dc5\" data-element_type=\"column\" data-e-type=\"column\" data-settings=\"{&quot;animation&quot;:&quot;fadeIn&quot;}\">\n\t\t\t<div class=\"elementor-widget-wrap elementor-element-populated\">\n\t\t\t\t\t\t<div class=\"elementor-element elementor-element-41f5508 elementor-widget__width-initial elementor-widget elementor-widget-heading\" data-id=\"41f5508\" data-element_type=\"widget\" data-e-type=\"widget\" data-widget_type=\"heading.default\">\n\t\t\t\t<div class=\"elementor-widget-container\">\n\t\t\t\t\t<h2 class=\"elementor-heading-title elementor-size-default\">Exemplos de neutraliza\u00e7\u00e3o que voc\u00ea ganha em uma experi\u00eancia EKOSFERA: <\/h2>\t\t\t\t<\/div>\n\t\t\t\t<\/div>\n\t\t\t\t<div class=\"elementor-element elementor-element-a50dad7 elementor-widget elementor-widget-heading\" data-id=\"a50dad7\" data-element_type=\"widget\" data-e-type=\"widget\" data-widget_type=\"heading.default\">\n\t\t\t\t<div class=\"elementor-widget-container\">\n\t\t\t\t\t<h2 class=\"elementor-heading-title elementor-size-default\">1 dia <\/h2>\t\t\t\t<\/div>\n\t\t\t\t<\/div>\n\t\t\t\t<div class=\"elementor-element elementor-element-284791c elementor-widget elementor-widget-heading\" data-id=\"284791c\" data-element_type=\"widget\" data-e-type=\"widget\" data-widget_type=\"heading.default\">\n\t\t\t\t<div class=\"elementor-widget-container\">\n\t\t\t\t\t<h2 class=\"elementor-heading-title elementor-size-default\">com a DE MENDES<\/h2>\t\t\t\t<\/div>\n\t\t\t\t<\/div>\n\t\t\t\t<div class=\"elementor-element elementor-element-b3504a7 elementor-widget elementor-widget-heading\" data-id=\"b3504a7\" data-element_type=\"widget\" data-e-type=\"widget\" data-widget_type=\"heading.default\">\n\t\t\t\t<div class=\"elementor-widget-container\">\n\t\t\t\t\t<h2 class=\"elementor-heading-title elementor-size-default\">Na aquisi\u00e7\u00e3o de um produto da Chocolates De Mendes, voc\u00ea compensa 1 dia de emiss\u00f5es individuais de GEE na atmosfera. <\/h2>\t\t\t\t<\/div>\n\t\t\t\t<\/div>\n\t\t\t\t\t<\/div>\n\t\t<\/div>\n\t\t\t\t<div class=\"elementor-column elementor-col-33 elementor-inner-column elementor-element elementor-element-e461801\" data-id=\"e461801\" data-element_type=\"column\" data-e-type=\"column\">\n\t\t\t<div class=\"elementor-widget-wrap\">\n\t\t\t\t\t\t\t<\/div>\n\t\t<\/div>\n\t\t\t\t\t<\/div>\n\t\t<\/section>\n\t\t\t\t<div class=\"elementor-element elementor-element-468db84 elementor-widget elementor-widget-spacer\" data-id=\"468db84\" data-element_type=\"widget\" data-e-type=\"widget\" data-widget_type=\"spacer.default\">\n\t\t\t\t<div class=\"elementor-widget-container\">\n\t\t\t\t\t\t\t<div class=\"elementor-spacer\">\n\t\t\t<div class=\"elementor-spacer-inner\"><\/div>\n\t\t<\/div>\n\t\t\t\t\t\t<\/div>\n\t\t\t\t<\/div>\n\t\t\t\t<div class=\"elementor-element elementor-element-392f1d0 elementor-widget elementor-widget-image\" data-id=\"392f1d0\" data-element_type=\"widget\" data-e-type=\"widget\" data-widget_type=\"image.default\">\n\t\t\t\t<div class=\"elementor-widget-container\">\n\t\t\t\t\t\t\t\t\t\t\t\t\t\t\t<img loading=\"lazy\" decoding=\"async\" width=\"800\" height=\"143\" src=\"https:\/\/ekosfera.org.br\/wp-content\/uploads\/2025\/01\/icons-1-1024x183.png\" class=\"attachment-large size-large wp-image-2934\" alt=\"\" srcset=\"https:\/\/ekosfera.org.br\/wp-content\/uploads\/2025\/01\/icons-1-1024x183.png 1024w, https:\/\/ekosfera.org.br\/wp-content\/uploads\/2025\/01\/icons-1-300x54.png 300w, https:\/\/ekosfera.org.br\/wp-content\/uploads\/2025\/01\/icons-1-768x137.png 768w, https:\/\/ekosfera.org.br\/wp-content\/uploads\/2025\/01\/icons-1-18x3.png 18w, https:\/\/ekosfera.org.br\/wp-content\/uploads\/2025\/01\/icons-1-600x107.png 600w, https:\/\/ekosfera.org.br\/wp-content\/uploads\/2025\/01\/icons-1.png 1062w\" sizes=\"(max-width: 800px) 100vw, 800px\" \/>\t\t\t\t\t\t\t\t\t\t\t\t\t\t\t<\/div>\n\t\t\t\t<\/div>\n\t\t\t\t\t<\/div>\n\t\t<\/div>\n\t\t\t\t\t<\/div>\n\t\t<\/section>\n\t\t\t\t<\/div>\n\t\t","protected":false},"excerpt":{"rendered":"<p>Neutraliza\u00e7\u00e3o de Carbono da floresta at\u00e9 voc\u00ea a neutraliza\u00e7\u00e3o de carbono em 7 passos Projetos de reflorestamento na Amaz\u00f4nia e na Mata Atl\u00e2ntica retiram CO2 da atmosfera A cada 1 tonelada de CO2 sequestrado, 1 cr\u00e9dito de carbono \u00e9 emitido e certificado pela Verra (certificadora de carbono) A EKOSFERA compra e aposenta o cr\u00e9dito de [&hellip;]<\/p>\n","protected":false},"author":4,"featured_media":0,"parent":0,"menu_order":0,"comment_status":"closed","ping_status":"closed","template":"elementor_header_footer","meta":{"give_campaign_id":0,"footnotes":""},"class_list":["post-286","page","type-page","status-publish","hentry"],"campaignId":"","_links":{"self":[{"href":"https:\/\/ekosfera.org.br\/en\/wp-json\/wp\/v2\/pages\/286","targetHints":{"allow":["GET"]}}],"collection":[{"href":"https:\/\/ekosfera.org.br\/en\/wp-json\/wp\/v2\/pages"}],"about":[{"href":"https:\/\/ekosfera.org.br\/en\/wp-json\/wp\/v2\/types\/page"}],"author":[{"embeddable":true,"href":"https:\/\/ekosfera.org.br\/en\/wp-json\/wp\/v2\/users\/4"}],"replies":[{"embeddable":true,"href":"https:\/\/ekosfera.org.br\/en\/wp-json\/wp\/v2\/comments?post=286"}],"version-history":[{"count":90,"href":"https:\/\/ekosfera.org.br\/en\/wp-json\/wp\/v2\/pages\/286\/revisions"}],"predecessor-version":[{"id":2958,"href":"https:\/\/ekosfera.org.br\/en\/wp-json\/wp\/v2\/pages\/286\/revisions\/2958"}],"wp:attachment":[{"href":"https:\/\/ekosfera.org.br\/en\/wp-json\/wp\/v2\/media?parent=286"}],"curies":[{"name":"wp","href":"https:\/\/api.w.org\/{rel}","templated":true}]}}